{"id":11065,"date":"2017-08-09T22:55:14","date_gmt":"2017-08-09T20:55:14","guid":{"rendered":"http:\/\/www.gilavandelden.de\/buchshop\/datenschutzbelehrung\/"},"modified":"2023-11-18T17:43:43","modified_gmt":"2023-11-18T16:43:43","slug":"datenschutzbelehrung","status":"publish","type":"page","link":"https:\/\/www.gilavandelden.de\/buchshop\/datenschutzbelehrung\/","title":{"rendered":"Datenschutzbelehrung"},"content":{"rendered":"<h1>Datenschutzbelehrung<\/h1>\n<p>Wir freuen uns sehr \u00fcber Ihr Interesse an unserem Unternehmen. Datenschutz hat einen besonders hohen Stellenwert f\u00fcr die Gesch\u00e4ftsleitung der Firma Consensus-Verlag-GD-Seminare<span style=\"font-size: revert; color: initial;\">. <span style=\"color: #800000;\">Eine Nutzung der Internetseiten der Firma Consensus-Verlag-GD-Seminare\u00a0ist grunds\u00e4tzlich ohne jede Angabe personenbezogener Daten m\u00f6glich. Sofern eine betroffene Person besondere Services unseres Unternehmens \u00fcber unsere Internetseite in Anspruch nehmen m\u00f6chte, k\u00f6nnte jedoch eine Verarbeitung personenbezogener Daten erforderlich werden. Ist die Verarbeitung personenbezogener Daten erforderlich und besteht f\u00fcr eine solche Verarbeitung keine gesetzliche Grundlage, holen wir generell eine Einwilligung der betroffenen Person ein.<\/span><\/span><\/p>\n<p>Die Verarbeitung personenbezogener Daten, beispielsweise des Namens, der Anschrift, E-Mail-Adresse oder Telefonnummer einer betroffenen Person, erfolgt stets im Einklang mit der Datenschutz-Grundverordnung und in \u00dcbereinstimmung mit der Firma Consensus-Verlag-GD-Seminare\u00a0geltenden landesspezifischen Datenschutzbestimmungen. Mittels dieser Datenschutzerkl\u00e4rung m\u00f6chte unser Unternehmen die \u00d6ffentlichkeit \u00fcber Art, Umfang und Zweck der von uns erhobenen, genutzten und verarbeiteten personenbezogenen Daten informieren. Ferner werden betroffene Personen mittels dieser Datenschutzerkl\u00e4rung \u00fcber die ihnen zustehenden Rechte aufgekl\u00e4rt.<\/p>\n<p>Die Firma Consensus-Verlag-GD-Seminare hat als f\u00fcr die Verarbeitung Verantwortlicher zahlreiche technische und organisatorische Ma\u00dfnahmen umgesetzt, um einen m\u00f6glichst l\u00fcckenlosen Schutz der \u00fcber diese Internetseite verarbeiteten personenbezogenen Daten sicherzustellen. Dennoch k\u00f6nnen Internetbasierte Daten\u00fcbertragungen grunds\u00e4tzlich Sicherheitsl\u00fccken aufweisen, sodass ein absoluter Schutz nicht gew\u00e4hrleistet werden kann. Aus diesem Grund steht es jeder betroffenen Person frei, personenbezogene Daten auch auf alternativen Wegen, beispielsweise telefonisch, an uns zu \u00fcbermitteln.<\/p>\n<ol>\n<li><strong>Begriffsbestimmungen<\/strong><\/li>\n<\/ol>\n<p>Die Datenschutzerkl\u00e4rung der Firma Consensus-Verlag-GD-Seminare\u00a0beruht auf den Begrifflichkeiten, die durch den Europ\u00e4ischen Richtlinien- und Verordnungsgeber beim Erlass der Datenschutz-Grundverordnung (DS-GVO) verwendet wurden. Unsere Datenschutzerkl\u00e4rung soll sowohl f\u00fcr die \u00d6ffentlichkeit als auch f\u00fcr unsere Kunden und Gesch\u00e4ftspartner einfach lesbar und verst\u00e4ndlich sein. Um dies zu gew\u00e4hrleisten, m\u00f6chten wir vorab die verwendeten Begrifflichkeiten erl\u00e4utern.<\/p>\n<p>Wir verwenden in dieser Datenschutzerkl\u00e4rung unter anderem die folgenden Begriffe:<\/p>\n<ul>\n<li><strong>a)\u00a0\u00a0\u00a0 personenbezogene Daten<\/strong><\/li>\n<\/ul>\n<p>Personenbezogene Daten sind alle Informationen, die sich auf eine identifizierte oder identifizierbare nat\u00fcrliche Person (im Folgenden \u201ebetroffene Person\u201c) beziehen. Als identifizierbar wird eine nat\u00fcrliche Person angesehen, die direkt oder indirekt, insbesondere mittels Zuordnung zu einer Kennung wie einem Namen, zu einer Kennnummer, zu Standortdaten, zu einer Online-Kennung oder zu einem oder mehreren besonderen Merkmalen, die Ausdruck der physischen, physiologischen, genetischen, psychischen, wirtschaftlichen, kulturellen oder sozialen Identit\u00e4t dieser nat\u00fcrlichen Person sind, identifiziert werden kann.<\/p>\n<ul>\n<li><strong>b)\u00a0\u00a0\u00a0 betroffene Person<\/strong><\/li>\n<\/ul>\n<p>Betroffene Person ist jede identifizierte oder identifizierbare nat\u00fcrliche Person, deren personenbezogene Daten von dem f\u00fcr die Verarbeitung Verantwortlichen verarbeitet werden.<\/p>\n<ul>\n<li><strong>c)\u00a0\u00a0\u00a0 Verarbeitung<\/strong><\/li>\n<\/ul>\n<p>Verarbeitung ist jeder mit oder ohne Hilfe automatisierter Verfahren ausgef\u00fchrte Vorgang oder jede solche Vorgangsreihe im Zusammenhang mit personenbezogenen Daten wie das Erheben, das Erfassen, die Organisation, das Ordnen, die Speicherung, die Anpassung oder Ver\u00e4nderung, das Auslesen, das Abfragen, die Verwendung, die Offenlegung durch \u00dcbermittlung, Verbreitung oder eine andere Form der Bereitstellung, den Abgleich oder die Verkn\u00fcpfung, die Einschr\u00e4nkung, das L\u00f6schen oder die Vernichtung.<\/p>\n<ul>\n<li><strong>d)\u00a0\u00a0\u00a0 Einschr\u00e4nkung der Verarbeitung<\/strong><\/li>\n<\/ul>\n<p>Einschr\u00e4nkung der Verarbeitung ist die Markierung gespeicherter personenbezogener Daten mit dem Ziel, ihre k\u00fcnftige Verarbeitung einzuschr\u00e4nken.<\/p>\n<ul>\n<li><strong>e)\u00a0\u00a0\u00a0 Profiling<\/strong><\/li>\n<\/ul>\n<p>Profiling ist jede Art der automatisierten Verarbeitung personenbezogener Daten, die darin besteht, dass diese personenbezogenen Daten verwendet werden, um bestimmte pers\u00f6nliche Aspekte, die sich auf eine nat\u00fcrliche Person beziehen, zu bewerten, insbesondere, um Aspekte bez\u00fcglich Arbeitsleistung, wirtschaftlicher Lage, Gesundheit, pers\u00f6nlicher Vorlieben, Interessen, Zuverl\u00e4ssigkeit, Verhalten, Aufenthaltsort oder Ortswechsel dieser nat\u00fcrlichen Person zu analysieren oder vorherzusagen.<\/p>\n<ul>\n<li><strong>f)\u00a0\u00a0\u00a0\u00a0 Pseudonymisierung<\/strong><\/li>\n<\/ul>\n<p>Pseudonymisierung ist die Verarbeitung personenbezogener Daten in einer Weise, auf welche die personenbezogenen Daten ohne Hinzuziehung zus\u00e4tzlicher Informationen nicht mehr einer spezifischen betroffenen Person zugeordnet werden k\u00f6nnen, sofern diese zus\u00e4tzlichen Informationen gesondert aufbewahrt werden und technischen und organisatorischen Ma\u00dfnahmen unterliegen, die gew\u00e4hrleisten, dass die personenbezogenen Daten nicht einer identifizierten oder identifizierbaren nat\u00fcrlichen Person zugewiesen werden.<\/p>\n<ul>\n<li><strong>g)\u00a0\u00a0\u00a0 Verantwortlicher oder f\u00fcr die Verarbeitung Verantwortlicher<\/strong><\/li>\n<\/ul>\n<p>Verantwortlicher oder f\u00fcr die Verarbeitung Verantwortlicher ist die nat\u00fcrliche oder juristische Person, Beh\u00f6rde, Einrichtung oder andere Stelle, die allein oder gemeinsam mit anderen \u00fcber die Zwecke und Mittel der Verarbeitung von personenbezogenen Daten entscheidet. Sind die Zwecke und Mittel dieser Verarbeitung durch das Unionsrecht oder das Recht der Mitgliedstaaten vorgegeben, so kann der Verantwortliche beziehungsweise k\u00f6nnen die bestimmten Kriterien seiner Benennung nach dem Unionsrecht oder dem Recht der Mitgliedstaaten vorgesehen werden.<\/p>\n<ul>\n<li><strong>h)\u00a0\u00a0\u00a0 Auftragsverarbeiter<\/strong><\/li>\n<\/ul>\n<p>Auftragsverarbeiter ist eine nat\u00fcrliche oder juristische Person, Beh\u00f6rde, Einrichtung oder andere Stelle, die personenbezogene Daten im Auftrag des Verantwortlichen verarbeitet.<\/p>\n<ul>\n<li><strong>i)\u00a0\u00a0\u00a0\u00a0\u00a0 Empf\u00e4nger<\/strong><\/li>\n<\/ul>\n<p>Empf\u00e4nger ist eine nat\u00fcrliche oder juristische Person, Beh\u00f6rde, Einrichtung oder andere Stelle, der personenbezogene Daten offengelegt werden, unabh\u00e4ngig davon, ob es sich bei ihr um einen Dritten handelt oder nicht. Beh\u00f6rden, die im Rahmen eines bestimmten Untersuchungsauftrags nach dem Unionsrecht oder dem Recht der Mitgliedstaaten m\u00f6glicherweise personenbezogene Daten erhalten, gelten jedoch nicht als Empf\u00e4nger.<\/p>\n<ul>\n<li><strong>j)\u00a0\u00a0\u00a0\u00a0\u00a0 Dritter<\/strong><\/li>\n<\/ul>\n<p>Dritter ist eine nat\u00fcrliche oder juristische Person, Beh\u00f6rde, Einrichtung oder andere Stelle au\u00dfer der betroffenen Person, dem Verantwortlichen, dem Auftragsverarbeiter und den Personen, die unter der unmittelbaren Verantwortung des Verantwortlichen oder des Auftragsverarbeiters befugt sind, die personenbezogenen Daten zu verarbeiten.<\/p>\n<ul>\n<li><strong>k)\u00a0\u00a0\u00a0 Einwilligung<\/strong><\/li>\n<\/ul>\n<p>Einwilligung ist jede von der betroffenen Person freiwillig f\u00fcr den bestimmten Fall in informierter Weise und unmissverst\u00e4ndlich abgegebene Willensbekundung in Form einer Erkl\u00e4rung oder einer sonstigen eindeutigen best\u00e4tigenden Handlung, mit der die betroffene Person zu verstehen gibt, dass sie mit der Verarbeitung der sie betreffenden personenbezogenen Daten einverstanden ist.<\/p>\n<ol start=\"2\">\n<li><strong>Name und Anschrift des f\u00fcr die Verarbeitung Verantwortlichen<\/strong><\/li>\n<\/ol>\n<p>Verantwortlicher im Sinne der Datenschutz-Grundverordnung, sonstiger in den Mitgliedstaaten der Europ\u00e4ischen Union geltenden Datenschutzgesetze und anderer Bestimmungen mit datenschutzrechtlichem Charakter ist die:<\/p>\n<p><strong>Consensus-Verlag<br \/>\n<\/strong><strong>GD-Seminare<\/strong><br \/>\n<strong>Fischweg 7<\/strong><br \/>\n<strong>33790 Halle\/Westf.<\/strong><\/p>\n<p><strong>Deutschland<\/strong><\/p>\n<p><strong>Tel.:\u00a0 +49-5201-665577<\/strong><br \/>\n<strong>Fax:\u00a0 +49-5201-665511<\/strong><\/p>\n<p><strong>info(at)consensus-verlag.de<\/strong><\/p>\n<p><strong>Ust.-IdNr.: DE 230 850568<\/strong><\/p>\n<ol start=\"3\">\n<li><strong>Cookies<\/strong><\/li>\n<\/ol>\n<p>Die Internetseiten der Firma Consensus-Verlag-GD-Seminare\u00a0verwenden Cookies. Cookies sind Textdateien, welche \u00fcber einen Internetbrowser auf einem Computersystem abgelegt und gespeichert werden.<\/p>\n<p>Zahlreiche Internetseiten und Server verwenden Cookies. Viele Cookies enthalten eine sogenannte Cookie-ID. Eine Cookie-ID ist eine eindeutige Kennung des Cookies. Sie besteht aus einer Zeichenfolge, durch welche Internetseiten und Server dem konkreten Internetbrowser zugeordnet werden k\u00f6nnen, in dem das Cookie gespeichert wurde. Dies erm\u00f6glicht es den besuchten Internetseiten und Servern, den individuellen Browser der betroffenen Person von anderen Internetbrowsern, die andere Cookies enthalten, zu unterscheiden. Ein bestimmter Internetbrowser kann \u00fcber die eindeutige Cookie-ID wiedererkannt und identifiziert werden.<\/p>\n<p>Durch den Einsatz von Cookies kann die Firma Consensus-Verlag-GD-Seminare\u00a0den Nutzern dieser Internetseite nutzerfreundlichere Services bereitstellen, die ohne die Cookie-Setzung nicht m\u00f6glich w\u00e4ren.<\/p>\n<p>Mittels eines Cookies k\u00f6nnen die Informationen und Angebote auf unserer Internetseite im Sinne des Benutzers optimiert werden. Cookies erm\u00f6glichen uns, wie bereits erw\u00e4hnt, die Benutzer unserer Internetseite wiederzuerkennen. Zweck dieser Wiedererkennung ist es, den Nutzern die Verwendung unserer Internetseite zu erleichtern. Der Benutzer einer Internetseite, die Cookies verwendet, muss beispielsweise nicht bei jedem Besuch der Internetseite erneut seine Zugangsdaten eingeben, weil dies von der Internetseite und dem auf dem Computersystem des Benutzers abgelegten Cookie \u00fcbernommen wird. Ein weiteres Beispiel ist das Cookie eines Warenkorbes im Online-Shop. Der Online-Shop merkt sich die Artikel, die ein Kunde in den virtuellen Warenkorb gelegt hat, \u00fcber ein Cookie.<\/p>\n<p>Die betroffene Person kann die Setzung von Cookies durch unsere Internetseite jederzeit mittels einer entsprechenden Einstellung des genutzten Internetbrowsers verhindern und damit der Setzung von Cookies dauerhaft widersprechen. Ferner k\u00f6nnen bereits gesetzte Cookies jederzeit \u00fcber einen Internetbrowser oder andere Softwareprogramme gel\u00f6scht werden. Dies ist in allen g\u00e4ngigen Internetbrowsern m\u00f6glich. Deaktiviert die betroffene Person die Setzung von Cookies in dem genutzten Internetbrowser, sind unter Umst\u00e4nden nicht alle Funktionen unserer Internetseite vollumf\u00e4nglich nutzbar.<\/p>\n<ol start=\"4\">\n<li><strong>Erfassung von allgemeinen Daten und Informationen<\/strong><\/li>\n<\/ol>\n<p>Die Internetseite der Firma Consensus-Verlag-GD-Seminare erfasst mit jedem Aufruf der Internetseite durch eine betroffene Person oder ein automatisiertes System eine Reihe von allgemeinen Daten und Informationen. Diese allgemeinen Daten und Informationen werden in den Logfiles des Servers gespeichert. Erfasst werden k\u00f6nnen die (1) verwendeten Browsertypen und Versionen, (2) das vom zugreifenden System verwendete Betriebssystem, (3) die Internetseite, von welcher ein zugreifendes System auf unsere Internetseite gelangt (sogenannte Referrer), (4) die Unterwebseiten, welche \u00fcber ein zugreifendes System auf unserer Internetseite angesteuert werden, (5) das Datum und die Uhrzeit eines Zugriffs auf die Internetseite, (6) eine Internet-Protokoll-Adresse (IP-Adresse), (7) der Internet-Service-Provider des zugreifenden Systems und (8) sonstige \u00e4hnliche Daten und Informationen, die der Gefahrenabwehr im Falle von Angriffen auf unsere informationstechnologischen Systeme dienen.<\/p>\n<p>Bei der Nutzung dieser allgemeinen Daten und Informationen zieht der Firma Consensus-Verlag-GD-Seminare keine R\u00fcckschl\u00fcsse auf die betroffene Person. Diese Informationen werden vielmehr ben\u00f6tigt, um (1) die Inhalte unserer Internetseite korrekt auszuliefern, (2) die Inhalte unserer Internetseite sowie die Werbung f\u00fcr diese zu optimieren, (3) die dauerhafte Funktionsf\u00e4higkeit unserer informationstechnologischen Systeme und der Technik unserer Internetseite zu gew\u00e4hrleisten sowie (4) um Strafverfolgungsbeh\u00f6rden im Falle eines Cyberangriffes die zur Strafverfolgung notwendigen Informationen bereitzustellen. Diese anonym erhobenen Daten und Informationen werden durch die Firma Consensus-Verlag-GD-Seminare daher einerseits statistisch und ferner mit dem Ziel ausgewertet, den Datenschutz und die Datensicherheit in unserem Unternehmen zu erh\u00f6hen, um letztlich ein optimales Schutzniveau f\u00fcr die von uns verarbeiteten personenbezogenen Daten sicherzustellen. Die anonymen Daten der Server-Logfiles werden getrennt von allen durch eine betroffene Person angegebenen personenbezogenen Daten gespeichert.<\/p>\n<ol start=\"5\">\n<li><strong>Registrierung auf unserer Internetseite<\/strong><\/li>\n<\/ol>\n<p>Die betroffene Person hat die M\u00f6glichkeit, sich auf der Internetseite des f\u00fcr die Verarbeitung Verantwortlichen unter Angabe von personenbezogenen Daten zu registrieren. Welche personenbezogenen Daten dabei an den f\u00fcr die Verarbeitung Verantwortlichen \u00fcbermittelt werden, ergibt sich aus der jeweiligen Eingabemaske, die f\u00fcr die Registrierung verwendet wird. Die von der betroffenen Person eingegebenen personenbezogenen Daten werden ausschlie\u00dflich f\u00fcr die interne Verwendung bei dem f\u00fcr die Verarbeitung Verantwortlichen und f\u00fcr eigene Zwecke erhoben und gespeichert. Der f\u00fcr die Verarbeitung Verantwortliche kann die Weitergabe an einen oder mehrere Auftragsverarbeiter, beispielsweise einen Paketdienstleister, veranlassen, der die personenbezogenen Daten ebenfalls ausschlie\u00dflich f\u00fcr eine interne Verwendung, die dem f\u00fcr die Verarbeitung Verantwortlichen zuzurechnen ist, nutzt.<\/p>\n<p>Durch eine Registrierung auf der Internetseite des f\u00fcr die Verarbeitung Verantwortlichen wird ferner die vom Internet-Service-Provider (ISP) der betroffenen Person vergebene IP-Adresse, das Datum sowie die Uhrzeit der Registrierung gespeichert. Die Speicherung dieser Daten erfolgt vor dem Hintergrund, dass nur so der Missbrauch unserer Dienste verhindert werden kann, und diese Daten im Bedarfsfall erm\u00f6glichen, begangene Straftaten aufzukl\u00e4ren. Insofern ist die Speicherung dieser Daten zur Absicherung des f\u00fcr die Verarbeitung Verantwortlichen erforderlich. Eine Weitergabe dieser Daten an Dritte erfolgt grunds\u00e4tzlich nicht, sofern keine gesetzliche Pflicht zur Weitergabe besteht oder die Weitergabe der Strafverfolgung dient.<\/p>\n<p>Die Registrierung der betroffenen Person unter freiwilliger Angabe personenbezogener Daten dient dem f\u00fcr die Verarbeitung Verantwortlichen dazu, der betroffenen Person Inhalte oder Leistungen anzubieten, die aufgrund der Natur der Sache nur registrierten Benutzern angeboten werden k\u00f6nnen. Registrierten Personen steht die M\u00f6glichkeit frei, die bei der Registrierung angegebenen personenbezogenen Daten jederzeit abzu\u00e4ndern oder vollst\u00e4ndig aus dem Datenbestand des f\u00fcr die Verarbeitung Verantwortlichen l\u00f6schen zu lassen.<\/p>\n<p>Der f\u00fcr die Verarbeitung Verantwortliche erteilt jeder betroffenen Person jederzeit auf Anfrage Auskunft dar\u00fcber, welche personenbezogenen Daten \u00fcber die betroffene Person gespeichert sind. Ferner berichtigt oder l\u00f6scht der f\u00fcr die Verarbeitung Verantwortliche personenbezogene Daten auf Wunsch oder Hinweis der betroffenen Person, soweit dem keine gesetzlichen Aufbewahrungspflichten entgegenstehen. Die Gesamtheit der Mitarbeiter des f\u00fcr die Verarbeitung Verantwortlichen stehen der betroffenen Person in diesem Zusammenhang als Ansprechpartner zur Verf\u00fcgung.<\/p>\n<ol start=\"6\">\n<li><strong>Kontaktm\u00f6glichkeit \u00fcber die Internetseite<\/strong><\/li>\n<\/ol>\n<p>Die Internetseite der Firma Consensus-Verlag-GD-Seminare enth\u00e4lt aufgrund von gesetzlichen Vorschriften Angaben, die eine schnelle elektronische Kontaktaufnahme zu unserem Unternehmen sowie eine unmittelbare Kommunikation mit uns erm\u00f6glichen, was ebenfalls eine allgemeine Adresse der sogenannten elektronischen Post (E-Mail-Adresse) umfasst. Sofern eine betroffene Person per E-Mail oder \u00fcber ein Kontaktformular den Kontakt mit dem f\u00fcr die Verarbeitung Verantwortlichen aufnimmt, werden die von der betroffenen Person \u00fcbermittelten personenbezogenen Daten automatisch gespeichert. Solche auf freiwilliger Basis von einer betroffenen Person an den f\u00fcr die Verarbeitung Verantwortlichen \u00fcbermittelten personenbezogenen Daten werden f\u00fcr Zwecke der Bearbeitung oder der Kontaktaufnahme zur betroffenen Person gespeichert. Es erfolgt keine Weitergabe dieser personenbezogenen Daten an Dritte.<\/p>\n<ol start=\"7\">\n<li><strong>Kommentarfunktion im Blog auf der Internetseite<\/strong><\/li>\n<\/ol>\n<p>Die\u00a0 Firma Consensus-Verlag-GD-Seminare bietet den Nutzern auf einem Blog, der sich auf der Internetseite des f\u00fcr die Verarbeitung Verantwortlichen befindet, die M\u00f6glichkeit, individuelle Kommentare zu einzelnen Blog-Beitr\u00e4gen zu hinterlassen. Ein Blog ist ein auf einer Internetseite gef\u00fchrtes, in der Regel \u00f6ffentlich einsehbares Portal, in welchem eine oder mehrere Personen, die Blogger oder Web-Blogger genannt werden, Artikel posten oder Gedanken in sogenannten Blogposts niederschreiben k\u00f6nnen. Die Blogposts k\u00f6nnen in der Regel von Dritten kommentiert werden.<\/p>\n<p>Hinterl\u00e4sst eine betroffene Person einen Kommentar in dem auf dieser Internetseite ver\u00f6ffentlichten Blog, werden neben den von der betroffenen Person hinterlassenen Kommentaren auch Angaben zum Zeitpunkt der Kommentareingabe sowie zu dem von der betroffenen Person gew\u00e4hlten Nutzernamen (Pseudonym) gespeichert und ver\u00f6ffentlicht. Ferner wird die vom Internet-Service-Provider (ISP) der betroffenen Person vergebene IP-Adresse mitprotokolliert. Diese Speicherung der IP-Adresse erfolgt aus Sicherheitsgr\u00fcnden und f\u00fcr den Fall, dass die betroffene Person durch einen abgegebenen Kommentar die Rechte Dritter verletzt oder rechtswidrige Inhalte postet. Die Speicherung dieser personenbezogenen Daten erfolgt daher im eigenen Interesse des f\u00fcr die Verarbeitung Verantwortlichen, damit sich dieser im Falle einer Rechtsverletzung gegebenenfalls exkulpieren k\u00f6nnte. Es erfolgt keine Weitergabe dieser erhobenen personenbezogenen Daten an Dritte, sofern eine solche Weitergabe nicht gesetzlich vorgeschrieben ist oder der Rechtsverteidigung des f\u00fcr die Verarbeitung Verantwortlichen dient.<\/p>\n<ol start=\"8\">\n<li><strong>Routinem\u00e4\u00dfige L\u00f6schung und Sperrung von personenbezogenen Daten<\/strong><\/li>\n<\/ol>\n<p>Der f\u00fcr die Verarbeitung Verantwortliche verarbeitet und speichert personenbezogene Daten der betroffenen Person nur f\u00fcr den Zeitraum, der zur Erreichung des Speicherungszwecks erforderlich ist oder sofern dies durch den Europ\u00e4ischen Richtlinien- und Verordnungsgeber oder einen anderen Gesetzgeber in Gesetzen oder Vorschriften, welchen der f\u00fcr die Verarbeitung Verantwortliche unterliegt, vorgesehen wurde.<\/p>\n<p>Entf\u00e4llt der Speicherungszweck oder l\u00e4uft eine vom Europ\u00e4ischen Richtlinien- und Verordnungsgeber oder einem anderen zust\u00e4ndigen Gesetzgeber vorgeschriebene Speicherfrist ab, werden die personenbezogenen Daten routinem\u00e4\u00dfig und entsprechend den gesetzlichen Vorschriften gesperrt oder gel\u00f6scht.<\/p>\n<ol start=\"9\">\n<li><strong>Rechte der betroffenen Person<\/strong><\/li>\n<\/ol>\n<ul>\n<li><strong>a)\u00a0\u00a0\u00a0 Recht auf Best\u00e4tigung<\/strong><\/li>\n<\/ul>\n<p>Jede betroffene Person hat das vom Europ\u00e4ischen Richtlinien- und Verordnungsgeber einger\u00e4umte Recht, von dem f\u00fcr die Verarbeitung Verantwortlichen eine Best\u00e4tigung dar\u00fcber zu verlangen, ob sie betreffende personenbezogene Daten verarbeitet werden. M\u00f6chte eine betroffene Person dieses Best\u00e4tigungsrecht in Anspruch nehmen, kann sie sich hierzu jederzeit an einen Mitarbeiter des f\u00fcr die Verarbeitung Verantwortlichen wenden.<\/p>\n<ul>\n<li><strong>b)\u00a0\u00a0\u00a0 Recht auf Auskunft<\/strong><\/li>\n<\/ul>\n<p>Jede von der Verarbeitung personenbezogener Daten betroffene Person hat das vom Europ\u00e4ischen Richtlinien- und Verordnungsgeber gew\u00e4hrte Recht, jederzeit von dem f\u00fcr die Verarbeitung Verantwortlichen unentgeltliche Auskunft \u00fcber die zu seiner Person gespeicherten personenbezogenen Daten und eine Kopie dieser Auskunft zu erhalten. Ferner hat der Europ\u00e4ische Richtlinien- und Verordnungsgeber der betroffenen Person Auskunft \u00fcber folgende Informationen zugestanden:<\/p>\n<ul>\n<li>die Verarbeitungszwecke<\/li>\n<li>die Kategorien personenbezogener Daten, die verarbeitet werden<\/li>\n<li>die Empf\u00e4nger oder Kategorien von Empf\u00e4ngern, gegen\u00fcber denen die personenbezogenen Daten offengelegt worden sind oder noch offengelegt werden, insbesondere bei Empf\u00e4ngern in Drittl\u00e4ndern oder bei internationalen Organisationen<\/li>\n<li>falls m\u00f6glich die geplante Dauer, f\u00fcr die die personenbezogenen Daten gespeichert werden, oder, falls dies nicht m\u00f6glich ist, die Kriterien f\u00fcr die Festlegung dieser Dauer<\/li>\n<li>das Bestehen eines Rechts auf Berichtigung oder L\u00f6schung der sie betreffenden personenbezogenen Daten oder auf Einschr\u00e4nkung der Verarbeitung durch den Verantwortlichen oder eines Widerspruchsrechts gegen diese Verarbeitung<\/li>\n<li>das Bestehen eines Beschwerderechts bei einer Aufsichtsbeh\u00f6rde<\/li>\n<li>wenn die personenbezogenen Daten nicht bei der betroffenen Person erhoben werden: Alle verf\u00fcgbaren Informationen \u00fcber die Herkunft der Daten<\/li>\n<li>das Bestehen einer automatisierten Entscheidungsfindung einschlie\u00dflich Profiling gem\u00e4\u00df Artikel 22 Abs.1 und 4 DS-GVO und \u2014 zumindest in diesen F\u00e4llen \u2014 aussagekr\u00e4ftige Informationen \u00fcber die involvierte Logik sowie die Tragweite und die angestrebten Auswirkungen einer derartigen Verarbeitung f\u00fcr die betroffene Person<\/li>\n<\/ul>\n<p>Ferner steht der betroffenen Person ein Auskunftsrecht dar\u00fcber zu, ob personenbezogene Daten an ein Drittland oder an eine internationale Organisation \u00fcbermittelt wurden. Sofern dies der Fall ist, so steht der betroffenen Person im \u00dcbrigen das Recht zu, Auskunft \u00fcber die geeigneten Garantien im Zusammenhang mit der \u00dcbermittlung zu erhalten.<\/p>\n<p>M\u00f6chte eine betroffene Person dieses Auskunftsrecht in Anspruch nehmen, kann sie sich hierzu jederzeit an einen Mitarbeiter des f\u00fcr die Verarbeitung Verantwortlichen wenden.<\/p>\n<ul>\n<li><strong>c)\u00a0\u00a0\u00a0 Recht auf Berichtigung<\/strong><\/li>\n<\/ul>\n<p>Jede von der Verarbeitung personenbezogener Daten betroffene Person hat das vom Europ\u00e4ischen Richtlinien- und Verordnungsgeber gew\u00e4hrte Recht, die unverz\u00fcgliche Berichtigung sie betreffender unrichtiger personenbezogener Daten zu verlangen. Ferner steht der betroffenen Person das Recht zu, unter Ber\u00fccksichtigung der Zwecke der Verarbeitung, die Vervollst\u00e4ndigung unvollst\u00e4ndiger personenbezogener Daten \u2014 auch mittels einer erg\u00e4nzenden Erkl\u00e4rung \u2014 zu verlangen.<\/p>\n<p>M\u00f6chte eine betroffene Person dieses Berichtigungsrecht in Anspruch nehmen, kann sie sich hierzu jederzeit an einen Mitarbeiter des f\u00fcr die Verarbeitung Verantwortlichen wenden.<\/p>\n<ul>\n<li><strong>d)\u00a0\u00a0\u00a0 Recht auf L\u00f6schung (Recht auf Vergessen werden)<\/strong><\/li>\n<\/ul>\n<p>Jede von der Verarbeitung personenbezogener Daten betroffene Person hat das vom Europ\u00e4ischen Richtlinien- und Verordnungsgeber gew\u00e4hrte Recht, von dem Verantwortlichen zu verlangen, dass die sie betreffenden personenbezogenen Daten unverz\u00fcglich gel\u00f6scht werden, sofern einer der folgenden Gr\u00fcnde zutrifft und soweit die Verarbeitung nicht erforderlich ist:<\/p>\n<ul>\n<li>Die personenbezogenen Daten wurden f\u00fcr solche Zwecke erhoben oder auf sonstige Weise verarbeitet, f\u00fcr welche sie nicht mehr notwendig sind.<\/li>\n<li>Die betroffene Person widerruft ihre Einwilligung, auf die sich die Verarbeitung gem\u00e4\u00df Art. 6 Abs. 1 Buchstabe a DS-GVO oder Art. 9 Abs. 2 Buchstabe a DS-GVO st\u00fctzte, und es fehlt an einer anderweitigen Rechtsgrundlage f\u00fcr die Verarbeitung.<\/li>\n<li>Die betroffene Person legt gem\u00e4\u00df Art. 21 Abs. 1 DS-GVO Widerspruch gegen die Verarbeitung ein, und es liegen keine vorrangigen berechtigten Gr\u00fcnde f\u00fcr die Verarbeitung vor, oder die betroffene Person legt gem\u00e4\u00df Art. 21 Abs. 2 DS-GVO Widerspruch gegen die Verarbeitung ein.<\/li>\n<li>Die personenbezogenen Daten wurden unrechtm\u00e4\u00dfig verarbeitet.<\/li>\n<li>Die L\u00f6schung der personenbezogenen Daten ist zur Erf\u00fcllung einer rechtlichen Verpflichtung nach dem Unionsrecht oder dem Recht der Mitgliedstaaten erforderlich, dem der Verantwortliche unterliegt.<\/li>\n<li>Die personenbezogenen Daten wurden in Bezug auf angebotene Dienste der Informationsgesellschaft gem\u00e4\u00df Art. 8 Abs. 1 DS-GVO erhoben.<\/li>\n<\/ul>\n<p>Sofern einer der oben genannten Gr\u00fcnde zutrifft und eine betroffene Person die L\u00f6schung von personenbezogenen Daten, die bei der Firma Consensus-Verlag-GD-Seminare gespeichert sind, veranlassen m\u00f6chte, kann sie sich hierzu jederzeit an einen Mitarbeiter des f\u00fcr die Verarbeitung Verantwortlichen wenden. Der Mitarbeiter der Firma Consensus-Verlag-GD-Seminare wird veranlassen, dass dem L\u00f6schverlangen unverz\u00fcglich nachgekommen wird.<\/p>\n<p>Wurden die personenbezogenen Daten von der Firma Consensus-Verlag-GD-Seminare \u00f6ffentlich gemacht und ist unser Unternehmen als Verantwortlicher gem\u00e4\u00df Art. 17 Abs. 1 DS-GVO zur L\u00f6schung der personenbezogenen Daten verpflichtet, so trifft die Firma Consensus-Verlag-GD-Seminare unter Ber\u00fccksichtigung der verf\u00fcgbaren Technologie und der Implementierungskosten angemessene Ma\u00dfnahmen, auch technischer Art, um andere f\u00fcr die Datenverarbeitung Verantwortliche, welche die ver\u00f6ffentlichten personenbezogenen Daten verarbeiten, dar\u00fcber in Kenntnis zu setzen, dass die betroffene Person von diesen anderen f\u00fcr die Datenverarbeitung Verantwortlichen die L\u00f6schung s\u00e4mtlicher Links zu diesen personenbezogenen Daten oder von Kopien oder Replikationen dieser personenbezogenen Daten verlangt hat, soweit die Verarbeitung nicht erforderlich ist. Der Mitarbeiter der Firma Consensus-Verlag-GD-Seminare wird im Einzelfall das Notwendige veranlassen.<\/p>\n<ul>\n<li><strong>e)\u00a0\u00a0\u00a0 Recht auf Einschr\u00e4nkung der Verarbeitung<\/strong><\/li>\n<\/ul>\n<p>Jede von der Verarbeitung personenbezogener Daten betroffene Person hat das vom Europ\u00e4ischen Richtlinien- und Verordnungsgeber gew\u00e4hrte Recht, von dem Verantwortlichen die Einschr\u00e4nkung der Verarbeitung zu verlangen, wenn eine der folgenden Voraussetzungen gegeben ist:<\/p>\n<ul>\n<li>Die Richtigkeit der personenbezogenen Daten wird von der betroffenen Person bestritten, und zwar f\u00fcr eine Dauer, die es dem Verantwortlichen erm\u00f6glicht, die Richtigkeit der personenbezogenen Daten zu \u00fcberpr\u00fcfen.<\/li>\n<li>Die Verarbeitung ist unrechtm\u00e4\u00dfig, die betroffene Person lehnt die L\u00f6schung der personenbezogenen Daten ab und verlangt stattdessen die Einschr\u00e4nkung der Nutzung der personenbezogenen Daten.<\/li>\n<li>Der Verantwortliche ben\u00f6tigt die personenbezogenen Daten f\u00fcr die Zwecke der Verarbeitung nicht l\u00e4nger, die betroffene Person ben\u00f6tigt sie jedoch zur Geltendmachung, Aus\u00fcbung oder Verteidigung von Rechtsanspr\u00fcchen.<\/li>\n<li>Die betroffene Person hat Widerspruch gegen die Verarbeitung gem. Art. 21 Abs. 1 DS-GVO eingelegt und es steht noch nicht fest, ob die berechtigten Gr\u00fcnde des Verantwortlichen gegen\u00fcber denen der betroffenen Person \u00fcberwiegen.<\/li>\n<\/ul>\n<p>Sofern eine der oben genannten Voraussetzungen gegeben ist und eine betroffene Person die Einschr\u00e4nkung von personenbezogenen Daten, die bei der Firma Consensus-Verlag-GD-Seminare gespeichert sind, verlangen m\u00f6chte, kann sie sich hierzu jederzeit an einen Mitarbeiter des f\u00fcr die Verarbeitung Verantwortlichen wenden. Der Mitarbeiter der Firma Consensus-Verlag-GD-Seminare wird die Einschr\u00e4nkung der Verarbeitung veranlassen.<\/p>\n<ul>\n<li>f)\u00a0\u00a0\u00a0\u00a0 Recht auf Daten\u00fcbertragbarkeit<\/li>\n<\/ul>\n<p>Jede von der Verarbeitung personenbezogener Daten betroffene Person hat das vom Europ\u00e4ischen Richtlinien- und Verordnungsgeber gew\u00e4hrte Recht, die sie betreffenden personenbezogenen Daten, welche durch die betroffene Person einem Verantwortlichen bereitgestellt wurden, in einem strukturierten, g\u00e4ngigen und maschinenlesbaren Format zu erhalten. Sie hat au\u00dferdem das Recht, diese Daten einem anderen Verantwortlichen ohne Behinderung durch den Verantwortlichen, dem die personenbezogenen Daten bereitgestellt wurden, zu \u00fcbermitteln, sofern die Verarbeitung auf der Einwilligung gem\u00e4\u00df Art. 6 Abs. 1 Buchstabe a DS-GVO oder Art. 9 Abs. 2 Buchstabe a DS-GVO oder auf einem Vertrag gem\u00e4\u00df Art. 6 Abs. 1 Buchstabe b DS-GVO beruht und die Verarbeitung mithilfe automatisierter Verfahren erfolgt, sofern die Verarbeitung nicht f\u00fcr die Wahrnehmung einer Aufgabe erforderlich ist, die im \u00f6ffentlichen Interesse liegt oder in Aus\u00fcbung \u00f6ffentlicher Gewalt erfolgt, welche dem Verantwortlichen \u00fcbertragen wurde.<\/p>\n<p>Ferner hat die betroffene Person bei der Aus\u00fcbung ihres Rechts auf Daten\u00fcbertragbarkeit gem\u00e4\u00df Art. 20 Abs. 1 DS-GVO das Recht, zu erwirken, dass die personenbezogenen Daten direkt von einem Verantwortlichen an einen anderen Verantwortlichen \u00fcbermittelt werden, soweit dies technisch machbar ist und sofern hiervon nicht die Rechte und Freiheiten anderer Personen beeintr\u00e4chtigt werden.<\/p>\n<p>Zur Geltendmachung des Rechts auf Daten\u00fcbertragbarkeit kann sich die betroffene Person jederzeit an einen Mitarbeiter der Firma Consensus-Verlag-GD-Seminare wenden.<\/p>\n<ul>\n<li><strong>g)\u00a0\u00a0\u00a0 Recht auf Widerspruch<\/strong><\/li>\n<\/ul>\n<p>Jede von der Verarbeitung personenbezogener Daten betroffene Person hat das vom Europ\u00e4ischen Richtlinien- und Verordnungsgeber gew\u00e4hrte Recht, aus Gr\u00fcnden, die sich aus ihrer besonderen Situation ergeben, jederzeit gegen die Verarbeitung sie betreffender personenbezogener Daten, die aufgrund von Art. 6 Abs. 1 Buchstaben e oder f DS-GVO erfolgt, Widerspruch einzulegen. Dies gilt auch f\u00fcr ein auf diese Bestimmungen gest\u00fctztes Profiling.<\/p>\n<p>Die Firma Consensus-Verlag-GD-Seminare verarbeitet die personenbezogenen Daten im Falle des Widerspruchs nicht mehr, es sei denn, wir k\u00f6nnen zwingende schutzw\u00fcrdige Gr\u00fcnde f\u00fcr die Verarbeitung nachweisen, die den Interessen, Rechten und Freiheiten der betroffenen Person \u00fcberwiegen, oder die Verarbeitung dient der Geltendmachung, Aus\u00fcbung oder Verteidigung von Rechtsanspr\u00fcchen.<\/p>\n<p>Verarbeitet die Firma Consensus-Verlag-GD-Seminare personenbezogene Daten, um Direktwerbung zu betreiben, so hat die betroffene Person das Recht, jederzeit Widerspruch gegen die Verarbeitung der personenbezogenen Daten zum Zwecke derartiger Werbung einzulegen. Dies gilt auch f\u00fcr das Profiling, soweit es mit solcher Direktwerbung in Verbindung steht. Widerspricht die betroffene Person gegen\u00fcber der Firma Consensus-Verlag-GD-Seminare der Verarbeitung f\u00fcr Zwecke der Direktwerbung, so wird die\u00a0 Firma Consensus-Verlag-GD-Seminare die personenbezogenen Daten nicht mehr f\u00fcr diese Zwecke verarbeiten.<\/p>\n<p>Zudem hat die betroffene Person das Recht, aus Gr\u00fcnden, die sich aus ihrer besonderen Situation ergeben, gegen die sie betreffende Verarbeitung personenbezogener Daten, die bei der Firma Consensus-Verlag-GD-Seminare zu wissenschaftlichen oder historischen Forschungszwecken oder zu statistischen Zwecken gem\u00e4\u00df Art. 89 Abs. 1 DS-GVO erfolgen, Widerspruch einzulegen, es sei denn, eine solche Verarbeitung ist zur Erf\u00fcllung einer im \u00f6ffentlichen Interesse liegenden Aufgabe erforderlich.<\/p>\n<p>Zur Aus\u00fcbung des Rechts auf Widerspruch kann sich die betroffene Person direkt jeden Mitarbeiter der Firma Consensus-Verlag-GD-Seminare oder einen anderen Mitarbeiter wenden. Der betroffenen Person steht es ferner frei, im Zusammenhang mit der Nutzung von Diensten der Informationsgesellschaft, ungeachtet der Richtlinie 2002\/58\/EG, ihr Widerspruchsrecht mittels automatisierter Verfahren auszu\u00fcben, bei denen technische Spezifikationen verwendet werden.<\/p>\n<ul>\n<li><strong>h)\u00a0\u00a0\u00a0 Automatisierte Entscheidungen im Einzelfall einschlie\u00dflich Profiling<\/strong><\/li>\n<\/ul>\n<p>Jede von der Verarbeitung personenbezogener Daten betroffene Person hat das vom Europ\u00e4ischen Richtlinien- und Verordnungsgeber gew\u00e4hrte Recht, nicht einer ausschlie\u00dflich auf einer automatisierten Verarbeitung \u2014 einschlie\u00dflich Profiling \u2014 beruhenden Entscheidung unterworfen zu werden, die ihr gegen\u00fcber rechtliche Wirkung entfaltet oder sie in \u00e4hnlicher Weise erheblich beeintr\u00e4chtigt, sofern die Entscheidung (1) nicht f\u00fcr den Abschluss oder die Erf\u00fcllung eines Vertrags zwischen der betroffenen Person und dem Verantwortlichen erforderlich ist, oder (2) aufgrund von Rechtsvorschriften der Union oder der Mitgliedstaaten, denen der Verantwortliche unterliegt, zul\u00e4ssig ist und diese Rechtsvorschriften angemessene Ma\u00dfnahmen zur Wahrung der Rechte und Freiheiten sowie der berechtigten Interessen der betroffenen Person enthalten oder (3) mit ausdr\u00fccklicher Einwilligung der betroffenen Person erfolgt.<\/p>\n<p>Ist die Entscheidung (1) f\u00fcr den Abschluss oder die Erf\u00fcllung eines Vertrags zwischen der betroffenen Person und dem Verantwortlichen erforderlich oder (2) erfolgt sie mit ausdr\u00fccklicher Einwilligung der betroffenen Person, trifft die\u00a0Firma Consensus-Verlag-GD-Seminare angemessene Ma\u00dfnahmen, um die Rechte und Freiheiten sowie die berechtigten Interessen der betroffenen Person zu wahren, wozu mindestens das Recht auf Erwirkung des Eingreifens einer Person seitens des Verantwortlichen, auf Darlegung des eigenen Standpunkts und auf Anfechtung der Entscheidung geh\u00f6rt.<\/p>\n<p>M\u00f6chte die betroffene Person Rechte mit Bezug auf automatisierte Entscheidungen geltend machen, kann sie sich hierzu jederzeit an einen Mitarbeiter des f\u00fcr die Verarbeitung Verantwortlichen wenden.<\/p>\n<ul>\n<li><strong>i)\u00a0\u00a0\u00a0\u00a0\u00a0 Recht auf Widerruf einer datenschutzrechtlichen Einwilligung<\/strong><\/li>\n<\/ul>\n<p>Jede von der Verarbeitung personenbezogener Daten betroffene Person hat das vom Europ\u00e4ischen Richtlinien- und Verordnungsgeber gew\u00e4hrte Recht, eine Einwilligung zur Verarbeitung personenbezogener Daten jederzeit zu widerrufen.<\/p>\n<p>M\u00f6chte die betroffene Person ihr Recht auf Widerruf einer Einwilligung geltend machen, kann sie sich hierzu jederzeit an einen Mitarbeiter des f\u00fcr die Verarbeitung Verantwortlichen wenden.<\/p>\n<ol start=\"10\">\n<li><strong>Rechtsgrundlage der Verarbeitung<\/strong><\/li>\n<\/ol>\n<p>Art. 6 I lit. a DS-GVO dient unserem Unternehmen als Rechtsgrundlage f\u00fcr Verarbeitungsvorg\u00e4nge, bei denen wir eine Einwilligung f\u00fcr einen bestimmten Verarbeitungszweck einholen. Ist die Verarbeitung personenbezogener Daten zur Erf\u00fcllung eines Vertrags, dessen Vertragspartei die betroffene Person ist, erforderlich, wie dies beispielsweise bei Verarbeitungsvorg\u00e4ngen der Fall ist, die f\u00fcr eine Lieferung von Waren oder die Erbringung einer sonstigen Leistung oder Gegenleistung notwendig sind, so beruht die Verarbeitung auf Art. 6 I lit. b DS-GVO. Gleiches gilt f\u00fcr solche Verarbeitungsvorg\u00e4nge die zur Durchf\u00fchrung vorvertraglicher Ma\u00dfnahmen erforderlich sind, etwa in F\u00e4llen von Anfragen zur unseren Produkten oder Leistungen. Unterliegt unser Unternehmen einer rechtlichen Verpflichtung durch welche eine Verarbeitung von personenbezogenen Daten erforderlich wird, wie beispielsweise zur Erf\u00fcllung steuerlicher Pflichten, so basiert die Verarbeitung auf Art. 6 I lit. c DS-GVO. In seltenen F\u00e4llen k\u00f6nnte die Verarbeitung von personenbezogenen Daten erforderlich werden, um lebenswichtige Interessen der betroffenen Person oder einer anderen nat\u00fcrlichen Person zu sch\u00fctzen. Dies w\u00e4re beispielsweise der Fall, wenn ein Besucher in unserem Betrieb verletzt werden w\u00fcrde und daraufhin sein Name, sein Alter, seine Krankenkassendaten oder sonstige lebenswichtige Informationen an einen Arzt, ein Krankenhaus oder sonstige Dritte weitergegeben werden m\u00fcssten. Dann w\u00fcrde die Verarbeitung auf Art. 6 I lit. d DS-GVO beruhen. Letztlich k\u00f6nnten Verarbeitungsvorg\u00e4nge auf Art. 6 I lit. f DS-GVO beruhen. Auf dieser Rechtsgrundlage basieren Verarbeitungsvorg\u00e4nge, die von keiner der vorgenannten Rechtsgrundlagen erfasst werden, wenn die Verarbeitung zur Wahrung eines berechtigten Interesses unseres Unternehmens oder eines Dritten erforderlich ist, sofern die Interessen, Grundrechte und Grundfreiheiten des Betroffenen nicht \u00fcberwiegen. Solche Verarbeitungsvorg\u00e4nge sind uns insbesondere deshalb gestattet, weil sie durch den Europ\u00e4ischen Gesetzgeber besonders erw\u00e4hnt wurden. Er vertrat insoweit die Auffassung, dass ein berechtigtes Interesse anzunehmen sein k\u00f6nnte, wenn die betroffene Person ein Kunde des Verantwortlichen ist (Erw\u00e4gungsgrund 47 Satz 2 DS-GVO).<\/p>\n<ol start=\"11\">\n<li><strong>Berechtigte Interessen an der Verarbeitung, die von dem Verantwortlichen oder einem Dritten verfolgt werden<\/strong><\/li>\n<\/ol>\n<p>Basiert die Verarbeitung personenbezogener Daten auf Artikel 6 I lit. f DS-GVO ist unser berechtigtes Interesse die Durchf\u00fchrung unserer Gesch\u00e4ftst\u00e4tigkeit zugunsten des Wohlergehens all unserer Mitarbeiter und unserer Anteilseigner.<\/p>\n<ol start=\"12\">\n<li><strong>Dauer, f\u00fcr die die personenbezogenen Daten gespeichert werden<\/strong><\/li>\n<\/ol>\n<p>Das Kriterium f\u00fcr die Dauer der Speicherung von personenbezogenen Daten ist die jeweilige gesetzliche Aufbewahrungsfrist. Nach Ablauf der Frist werden die entsprechenden Daten routinem\u00e4\u00dfig gel\u00f6scht, sofern sie nicht mehr zur Vertragserf\u00fcllung oder Vertragsanbahnung erforderlich sind.<\/p>\n<ol start=\"13\">\n<li><strong>Gesetzliche oder vertragliche Vorschriften zur Bereitstellung der personenbezogenen Daten; Erforderlichkeit f\u00fcr den Vertragsabschluss; Verpflichtung der betroffenen Person, die personenbezogenen Daten bereitzustellen; m\u00f6gliche Folgen der Nichtbereitstellung<\/strong><\/li>\n<\/ol>\n<p>Wir kl\u00e4ren Sie dar\u00fcber auf, dass die Bereitstellung personenbezogener Daten zum Teil gesetzlich vorgeschrieben ist (z.B. Steuervorschriften) oder sich auch aus vertraglichen Regelungen (z.B. Angaben zum Vertragspartner) ergeben kann. Mitunter kann es zu einem Vertragsschluss erforderlich sein, dass eine betroffene Person uns personenbezogene Daten zur Verf\u00fcgung stellt, die in der Folge durch uns verarbeitet werden m\u00fcssen. Die betroffene Person ist beispielsweise verpflichtet uns personenbezogene Daten bereitzustellen, wenn unser Unternehmen mit ihr einen Vertrag abschlie\u00dft. Eine Nichtbereitstellung der personenbezogenen Daten h\u00e4tte zur Folge, dass der Vertrag mit dem Betroffenen nicht geschlossen werden k\u00f6nnte. Vor einer Bereitstellung personenbezogener Daten durch den Betroffenen muss sich der Betroffene an einen unserer Mitarbeiter wenden. Unser Mitarbeiter kl\u00e4rt den Betroffenen einzelfallbezogen dar\u00fcber auf, ob die Bereitstellung der personenbezogenen Daten gesetzlich oder vertraglich vorgeschrieben oder f\u00fcr den Vertragsabschluss erforderlich ist, ob eine Verpflichtung besteht, die personenbezogenen Daten bereitzustellen, und welche Folgen die Nichtbereitstellung der personenbezogenen Daten h\u00e4tte.<\/p>\n<ol start=\"14\">\n<li><strong>Bestehen einer automatisierten Entscheidungsfindung<\/strong><\/li>\n<\/ol>\n<p>Als verantwortungsbewusstes Unternehmen verzichten wir auf eine automatische Entscheidungsfindung oder ein Profiling.<\/p>\n<p>Diese Datenschutzerkl\u00e4rung wurde durch den Datenschutzerkl\u00e4rungs-Generator der Deutschen Gesellschaft f\u00fcr Datenschutz, der\u00a0<a href=\"https:\/\/dg-datenschutz.de\/datenschutzerklaerung\/\">Muster Datenschutzerkl\u00e4rung<\/a> generiert, in Kooperation mit den\u00a0<a href=\"https:\/\/www.wbs-law.de\/\">Datenschutz Anw\u00e4lten<\/a>\u00a0<span style=\"color: #0000ff;\">der Kanzlei WILDE BEUGER SOLMECKE | Rechtsanw\u00e4lte<\/span> erstellt.<\/p>\n<h2 class=\"subpage\">Weitere Datenschutzerkl\u00e4rung<\/h2>\n<p><span style=\"font-size: 14px;\">Soweit nachstehend keine anderen Angaben\u00a0gemacht werden, ist die Bereitstellung Ihrer personenbezogenen Daten\u00a0weder gesetzlich oder vertraglich vorgeschrieben, noch f\u00fcr einen\u00a0Vertragsabschluss erforderlich. Sie sind zur Bereitstellung der Daten\u00a0nicht verpflichtet. Eine Nichtbereitstellung hat keine Folgen. Dies gilt\u00a0nur soweit bei den nachfolgenden Verarbeitungsvorg\u00e4ngen keine\u00a0anderweitige Angabe gemacht wird.<br \/>\n&#8222;Personenbezogene Daten&#8220; sind alle Informationen, die sich auf eine\u00a0identifizierte oder identifizierbare nat\u00fcrliche Person beziehen.<\/span><\/p>\n<p><span style=\"font-size: 14px;\"><strong>Server-Logfiles<\/strong><br \/>\nSie k\u00f6nnen unsere Webseiten besuchen, ohne Angaben zu Ihrer Person zu machen. Es werden bei jedem Zugriff auf unsere Website Nutzungsdaten durch Ihren Internetbrowser \u00fcbermittelt und in Protokolldaten\u00a0(Server-Logfiles) gespeichert. Zu diesen gespeicherten Daten geh\u00f6ren\u00a0z.B. Name der aufgerufenen Seite, Datum und Uhrzeit des Abrufs,\u00a0\u00fcbertragene Datenmenge und der anfragende Provider. Diese Daten dienen\u00a0ausschlie\u00dflich der Gew\u00e4hrleistung eines st\u00f6rungsfreien Betriebs unserer\u00a0Website und zur Verbesserung unseres Angebotes. Eine Zuordnung dieser\u00a0Daten zu einer bestimmten Person ist nicht m\u00f6glich.<\/span><\/p>\n<div><span style=\"font-size: 14px;\"><strong>Verwendung von Google reCAPTCHA <\/strong><br \/>\nWir verwenden auf unserer Website den Dienst reCAPTCHA der Google Inc.\u00a0(1600 Amphitheatre Parkway, Mountain View, CA 94043, USA; \u201eGoogle\u201c). Die\u00a0Abfrage dient dem Zweck der Unterscheidung, ob die Eingabe durch einen\u00a0Menschen oder durch automatisierte, maschinelle Verarbeitung erfolgt.<br \/>\nDie Abfrage schlie\u00dft den Versand der IP-Adresse und ggf. weiterer von Google f\u00fcr den Dienst reCAPTCHA ben\u00f6tigter Daten an Google ein. Zu diesem Zweck wird Ihre Eingabe an Google \u00fcbermittelt und dort weiter\u00a0verwendet. Ihre IP-Adresse wird von Google jedoch innerhalb von<br \/>\nMitgliedstaaten der Europ\u00e4ischen Union oder in anderen Vertragsstaaten des Abkommens \u00fcber den Europ\u00e4ischen Wirtschaftsraum zuvor gek\u00fcrzt. Nur in Ausnahmef\u00e4llen wird die volle IP-Adresse an einen Server von Google in den USA \u00fcbertragen und dort gek\u00fcrzt. Im Auftrag des Betreibers dieser Website wird Google diese Informationen benutzen, um Ihre Nutzung dieses Dienstes auszuwerten. Die im Rahmen von reCaptcha von Ihrem Browser \u00fcbermittelte IP-Adresse wird nicht mit anderen Daten von Google zusammengef\u00fchrt. Ihre Daten werden dabei gegebenenfalls auch in die USA \u00fcbermittelt. F\u00fcr Daten\u00fcbermittlungen in die USA ist ein Angemessenheitsbeschluss der Europ\u00e4ischen Kommission, das &#8222;Privacy Shield&#8220;, vorhanden. Google nimmt am &#8222;Privacy Shield&#8220; teil und hat sich den Vorgaben unterworfen. Mit Bet\u00e4tigen der Abfrage willigen Sie in die Verarbeitung Ihrer Daten ein. Die Verarbeitung erfolgt auf Grundlage des Art. 6 (1) lit. a DSGVO mit Ihrer Einwilligung. Sie k\u00f6nnen Ihre Einwilligung jederzeit widerrufen, ohne dass die Rechtm\u00e4\u00dfigkeit der aufgrund der Einwilligung bis zum Widerruf erfolgten Verarbeitung ber\u00fchrt wird.<br \/>\nN\u00e4here Informationen zu Google reCAPTCHA sowie die dazugeh\u00f6rige Datenschutzerkl\u00e4rung finden Sie unter: <a href=\"https:\/\/policies.google.com\/technologies\/ads?hl=de\" target=\"_blank\" rel=\"noopener\">https:\/\/www.google.com\/privacy\/ads\/<\/a><\/span><\/div>\n<div><span style=\"font-size: 14px;\"><strong>Erhebung, Verarbeitung und Nutzung personenbezogener Daten bei Bestellungen <\/strong><br \/>\nBei der Bestellung erheben und verwenden wir Ihre personenbezogenen Daten nur, soweit dies zur Erf\u00fcllung und Abwicklung Ihrer Bestellung sowie zur Bearbeitung Ihrer Anfragen erforderlich ist. Die Bereitstellung der Daten ist f\u00fcr den Vertragsschluss erforderlich. Eine Nichtbereitstellung hat zur Folge, dass kein Vertrag geschlossen werden kann. Die Verarbeitung erfolgt auf Grundlage des Art. 6 (1) lit. b DSGVO und ist f\u00fcr die Erf\u00fcllung eines Vertrags mit Ihnen erforderlich. Eine Weitergabe Ihrer Daten an Dritte ohne Ihre ausdr\u00fcckliche Einwilligung erfolgt nicht. Ausgenommen hiervon sind lediglich unsere Dienstleistungspartner, die wir zur Abwicklung des Vertragsverh\u00e4ltnisses ben\u00f6tigen oder Dienstleister derer wir uns im Rahmen einer Auftragsverarbeitung bedienen. Neben den in den jeweiligen Klauseln dieser Datenschutzerkl\u00e4rung benannten Empf\u00e4ngern sind dies beispielsweise Empf\u00e4nger folgender Kategorien: Versanddienstleister,\u00a0Zahlungsdienstleister, Warenwirtschaftsdienstleister, Diensteanbieter\u00a0f\u00fcr die Bestellabwicklung, Webhoster, IT-Dienstleister und Dropshipping\u00a0H\u00e4ndler. In allen F\u00e4llen beachten wir strikt die gesetzlichen Vorgaben.\u00a0Der Umfang der Daten\u00fcbermittlung beschr\u00e4nkt sich auf ein Mindestma\u00df.<\/span><\/div>\n<p><span style=\"font-size: 14px;\"><strong>Verwendung der E-Mail-Adresse f\u00fcr die Zusendung von Direktwerbung <\/strong><br \/>\nWir nutzen Ihre E-Mail-Adresse, die wir im Rahmen des Verkaufes einer Ware oder Dienstleistung erhalten haben, f\u00fcr die elektronische \u00dcbersendung von Werbung f\u00fcr eigene Waren oder Dienstleistungen, die denen \u00e4hnlich sind, die Sie bereits bei uns erworben haben, soweit Sie dieser Verwendung nicht widersprochen haben. Die Bereitstellung der E-Mail-Adresse ist f\u00fcr den Vertragsschluss erforderlich. Eine Nichtbereitstellung hat zur Folge, dass kein Vertrag geschlossen werden kann. Die Verarbeitung erfolgt auf Grundlage des Art. 6 (1) lit. f DSGVO aus dem berechtigtem Interesse an Direktwerbung. <em><strong>Sie k\u00f6nnen dieser Verwendung Ihrer E-Mail-Adresse jederzeit durch Mitteilung an uns widersprechen.<\/strong><\/em> <em><strong>Die Kontaktdaten f\u00fcr die Aus\u00fcbung des Widerspruchs finden Sie im Impressum.\u00a0<\/strong><\/em>Sie k\u00f6nnen auch den daf\u00fcr vorgesehenen Link in der Werbe-E-Mail nutzen.\u00a0Hierf\u00fcr entstehen keine anderen als die \u00dcbermittlungskosten nach den\u00a0Basistarifen.<\/span><\/p>\n<p><span style=\"font-size: 14px;\"><strong>Cookies <\/strong><br \/>\nUnsere Website verwendet Cookies. Cookies sind kleine Textdateien, die im Internetbrowser bzw. vom Internetbrowser auf dem Computersystem eines Nutzers gespeichert werden. Ruft ein Nutzer eine Website auf, so kann ein Cookie auf dem Betriebssystem des Nutzers gespeichert werden. Dieser Cookie enth\u00e4lt eine charakteristische Zeichenfolge, die eine eindeutige Identifizierung des Browsers beim erneuten Aufrufen der Website erm\u00f6glicht. Wir setzen Cookies zu dem Zweck ein, unser Angebot\u00a0nutzerfreundlicher, effektiver und sicherer zu machen. Des Weiteren\u00a0erm\u00f6glichen Cookies unseren Systemen, Ihren Browser auch nach einem\u00a0Seitenwechsel zu erkennen und Ihnen Services anzubieten. Einige\u00a0Funktionen unserer Internetseite k\u00f6nnen ohne den Einsatz von Cookies\u00a0nicht angeboten werden. F\u00fcr diese ist es erforderlich, dass der Browser\u00a0auch nach einem Seitenwechsel wiedererkannt wird.<\/span><\/p>\n<p><span style=\"font-size: 14px;\">Wir verwenden auf unserer Website dar\u00fcber\u00a0hinaus Cookies zu dem Zweck, eine Analyse des Surfverhaltens unserer\u00a0Seitenbesucher zu erm\u00f6glichen.<\/span><\/p>\n<p><span style=\"font-size: 14px;\">Des Weiteren verwenden wir Cookies zu dem\u00a0Zweck, Seitenbesucher anschlie\u00dfend auf anderen Webseiten mit gezielter,\u00a0interessenbezogener Werbung anzusprechen.<\/span><\/p>\n<p><span style=\"font-size: 14px;\">Die Verarbeitung erfolgt auf Grundlage des\u00a0\u00a7 15 (3) TMG sowie Art. 6 (1) lit. f DSGVO aus dem berechtigten\u00a0Interesse an den oben genannten Zwecken.\u00a0 Die auf diese Weise von Ihnen erhobenen Daten werden durch technische\u00a0Vorkehrungen pseudonymisiert. Eine Zuordnung der Daten zu Ihrer Person\u00a0ist daher nicht mehr m\u00f6glich. Die Daten werden nicht gemeinsam mit\u00a0sonstigen personenbezogenen Daten von Ihnen gespeichert.<br \/>\n<strong><em>Sie haben das Recht aus Gr\u00fcnden, die sich aus Ihrer\u00a0besonderen Situation ergeben, jederzeit gegen diese auf Art. 6 (1) f\u00a0DSGVO beruhende Verarbeitung Sie betreffender personenbezogener Daten zu\u00a0widersprechen.<\/em><\/strong><br \/>\nCookies werden auf Ihrem Rechner gespeichert. Daher haben Sie die volle Kontrolle \u00fcber die Verwendung von Cookies. Durch die Auswahl entsprechender technischer Einstellungen in Ihrem Internetbrowser k\u00f6nnen Sie die Speicherung der Cookies und \u00dcbermittlung der enthaltenen Daten verhindern. Bereits gespeicherte Cookies k\u00f6nnen jederzeit gel\u00f6scht werden. Wir weisen Sie jedoch darauf hin, dass Sie dann gegebenenfalls nicht s\u00e4mtliche Funktionen dieser Website vollumf\u00e4nglich werden nutzen\u00a0k\u00f6nnen.\u00a0Unter den nachstehenden Links k\u00f6nnen Sie sich informieren, wie Sie die\u00a0Cookies bei den wichtigsten Browsern verwalten (u.a. auch deaktivieren)\u00a0k\u00f6nnen:<br \/>\nChrome Browser: <a href=\"https:\/\/support.google.com\/accounts\/answer\/61416?hl=de\" target=\"_blank\" rel=\"noopener\">https:\/\/support.google.com\/accounts\/answer\/61416?hl=de<\/a><br \/>\nInternet Explorer: <a href=\"https:\/\/support.microsoft.com\/de-de\/help\/17442\/windows-internet-explorer-delete-manage-cookies\" target=\"_blank\" rel=\"noopener\">https:\/\/support.microsoft.com\/de-de\/help\/17442\/windows-internet-explorer-delete-manage-cookies<\/a><br \/>\nMozilla Firefox: <a href=\"https:\/\/support.mozilla.org\/de\/kb\/cookies-erlauben-und-ablehnen\" target=\"_blank\" rel=\"noopener\">https:\/\/support.mozilla.org\/de\/kb\/cookies-erlauben-und-ablehnen<\/a><br \/>\nSafari: <a href=\"https:\/\/support.apple.com\/de-de\/guide\/safari\/manage-cookies-and-website-data-sfri11471\/mac\" target=\"_blank\" rel=\"noopener\">https:\/\/support.apple.com\/de-de\/guide\/safari\/manage-cookies-and-website-data-sfri11471\/mac<\/a><\/span><\/p>\n<p><span style=\"font-size: 14px;\"><strong>Nutzung von Google Analytics <\/strong><br \/>\nWir verwenden auf unserer Website den Webanalysedienst Google Analytics\u00a0der Google Inc. (1600 Amphitheatre Parkway, Mountain View, CA 94043,\u00a0USA; \u201eGoogle\u201c). Die Datenverarbeitung dient dem Zweck der Analyse dieser\u00a0Website und ihrer Besucher. Dazu wird Google im Auftrag des Betreibers\u00a0dieser Website die gewonnenen Informationen benutzen, um Ihre Nutzung\u00a0der Website auszuwerten, um Reports \u00fcber die Websiteaktivit\u00e4ten\u00a0zusammenzustellen und um weitere, mit der Websitenutzung und der\u00a0Internetnutzung verbundene Dienstleistungen gegen\u00fcber dem\u00a0Websitebetreiber zu erbringen. Die im Rahmen von Google Analytics von\u00a0Ihrem Browser \u00fcbermittelte IP-Adresse wird nicht mit anderen Daten von\u00a0Google zusammengef\u00fchrt.\u00a0Google Analytics verwendet Cookies, die eine Analyse der Benutzung der\u00a0Website durch Sie erm\u00f6glichen. Die durch die Cookies erzeugten\u00a0Informationen \u00fcber Ihre Benutzung dieser Website werden in der Regel an\u00a0einen Server von Google in den USA \u00fcbertragen und dort gespeichert. Auf\u00a0dieser Website ist die IP-Anonymisierung aktiviert. Dadurch wird Ihre\u00a0IP-Adr<\/span><span style=\"font-size: 14px;\">esse von Google innerhalb\u00a0von Mitgliedstaaten der Europ\u00e4ischen Union oder in anderen\u00a0Vertragsstaaten des Abkommens \u00fcber den Europ\u00e4ischen Wirtschaftsraum\u00a0zuvor gek\u00fcrzt. Nur in Ausnahmef\u00e4llen wird die volle IP-Adresse an einen\u00a0Server von Google in den USA \u00fcbertragen und dort gek\u00fcrzt. Ihre Daten\u00a0werden gegebenenfalls in die USA \u00fcbermittelt. F\u00fcr Daten\u00fcbermittlungen in\u00a0die USA ist ein Angemessenheitsbeschluss der Europ\u00e4ischen Kommission<br \/>\nvorhanden. Die Verarbeitung erfolgt auf Grundlage des Art. 6 (1) lit. f DSGVO aus dem berechtigten Interesse an der bedarfsgerechten und zielgerichteten Gestaltung der Website. <strong><em>Sie haben das Recht\u00a0aus Gr\u00fcnden, die sich aus Ihrer besonderen Situation ergeben, jederzeit\u00a0gegen diese auf Art. 6 (1) f DSGVO beruhende Verarbeitung Sie\u00a0betreffender personenbezogener Daten zu widersprechen.<\/em><\/strong><br \/>\nSie k\u00f6nnen dazu die Speicherung der Cookies durch die Auswahl\u00a0entsprechender technischer Einstellungen Ihrer Browser-Software\u00a0verhindern; wir weisen Sie jedoch darauf hin, dass Sie in diesem Fall\u00a0gegebenenfalls nicht s\u00e4mtliche Funktionen dieser Website vollumf\u00e4nglich\u00a0werden nutzen k\u00f6nnen. Sie k\u00f6nnen des Weiteren die Erfassung der durch\u00a0das Cookie erzeugten und auf Ihre Nutzung der Website bezogenen Daten\u00a0(inkl. Ihrer IP-Adresse) an Google sowie die Verarbeitung dieser Daten\u00a0durch Google verhindern, indem sie das unter dem folgenden Link\u00a0verf\u00fcgbare Browser-Plug-in herunterladen und installieren [<a href=\"https:\/\/tools.google.com\/dlpage\/gaoptout?hl=de\" target=\"_blank\" rel=\"noopener\">https:\/\/tools.google.com\/dlpage\/gaoptout?hl=de<\/a>].\u00a0<\/span><span style=\"font-size: 14px;\">Um\u00a0die Erfassung durch Google Analytics\u00a0 ger\u00e4te\u00fcbergreifend zu verhindern\u00a0k\u00f6nnen Sie einen Opt-Out-Cookie setzen. Opt-Out-Cookies verhindern die\u00a0zuk\u00fcnftige Erfassung Ihrer Daten beim Besuch dieser Website. Sie m\u00fcssen\u00a0das Opt-Out auf allen genutzten Systemen und Ger\u00e4ten durchf\u00fchren, damit\u00a0dies umfassend wirkt. Wenn Sie hier klicken, wird das Opt-Out-Cookie\u00a0gesetzt: <a>Google Analytics deaktivieren<\/a>.<\/span><span style=\"color: #ff0000; font-family: arial, sans-serif; font-size: 12.8px;\">\u00a0<\/span><br \/>\n<span style=\"font-size: 14px;\">N\u00e4here Informationen zu Nutzungsbedingungen und Datenschutz finden Sie unter <a href=\"https:\/\/www.google.com\/analytics\/terms\/de.html\" target=\"_blank\" rel=\"noopener\">https:\/\/www.google.com\/analytics\/terms\/de.html<\/a> bzw. unter <a href=\"https:\/\/www.google.de\/intl\/de\/policies\/\" target=\"_blank\" rel=\"noopener\">https:\/\/www.google.de\/intl\/de\/policies\/<\/a>.\u00a0<\/span><\/p>\n<p><span style=\"font-size: 14px;\"><strong>Verwendung der Remarketing- oder &#8222;\u00c4hnliche Zielgruppen&#8220;-Funktion der Google Inc.<\/strong><br \/>\nWir verwenden auf unserer Website die Remarketing- oder &#8222;\u00c4hnliche Zielgruppen&#8220;- Funktion der Google Inc. (1600 Amphitheatre Parkway, Mountain View, CA 94043, USA; \u201eGoogle\u201c). Diese Funktion dient dem Zweck der Analyse des Besucherverhaltens und der Besucherinteressen. Zur Durchf\u00fchrung der Analyse der Websiten-Nutzung, welche die Grundlage f\u00fcr die Erstellung der interessenbezogenen Werbeanzeigen bildet, setzt Google Cookies ein. \u00dcber die Cookies werden die Besuche der Website sowie anonymisierte Daten \u00fcber die Nutzung der Website erfasst. Es erfolgt keine Speicherung von personenbezogenen Daten der Besucher der Website. Besuchen Sie nachfolgend eine andere Website im Google Display-Netzwerk werden Ihnen Werbeeinblendungen angezeigt, die mit hoher Wahrscheinlichkeit zuvor aufgerufene Produkt- und Informationsbereiche ber\u00fccksichtigen. Ihre Daten werden dabei gegebenenfalls auch in die USA \u00fcbermittelt. F\u00fcr Daten\u00fcbermittlungen in die USA ist ein Angemessenheitsbeschluss der Europ\u00e4ischen Kommission vorhanden. Die Verarbeitung erfolgt auf Grundlage des Art. 6 (1) lit. f DSGVO aus dem berechtigten Interesse, die Besucher der Website zielgerichtet mit Werbung anzusprechen, indem f\u00fcr Besucher der Website des Anbieters personalisierte, interessenbezogene Werbung-Anzeigen geschaltet werden, wenn sie andere Websiten im Google Display-Netzwerk besuchen.<br \/>\n<strong><em>Sie haben das Recht aus Gr\u00fcnden, die sich aus Ihrer\u00a0besonderen Situation ergeben, jederzeit gegen diese auf Art. 6 (1) f\u00a0DSGVO beruhende Verarbeitung Sie betreffender personenbezogener Daten zu\u00a0widersprechen.<\/em><\/strong><br \/>\nSie k\u00f6nnen dazu die Verwendung von Cookies durch Google dauerhaft deaktivieren, indem Sie dem nachfolgenden Link folgen und das dort bereitgestellte Plug-In herunterladen und installieren: <a href=\"https:\/\/support.google.com\/ads\/answer\/7395996?hl=de\" target=\"_blank\" rel=\"noopener\">https:\/\/support.google.com\/ads\/answer\/7395996?hl=de<\/a>\u00a0Alternativ k\u00f6nnen Sie die Verwendung von Cookies durch Drittanbieter\u00a0deaktivieren, indem sie die Deaktivierungsseite der\u00a0Netzwerkwerbeinitiative (Network Advertising Initiative) unter <a href=\"https:\/\/www.networkadvertising.org\/choices\/\" target=\"_blank\" rel=\"noopener\">https:\/\/www.networkadvertising.org\/choices\/<\/a> aufrufen und die dort genannten weiterf\u00fchrenden Information zum Opt-Out umsetzen.\u00a0N\u00e4here Informationen zu Google Remarketing sowie die dazugeh\u00f6rige Datenschutzerkl\u00e4rung finden Sie unter: <a href=\"https:\/\/www.google.com\/privacy\/ads\/\" target=\"_blank\" rel=\"noopener\">https:\/\/www.google.com\/privacy\/ads\/<\/a><\/span><\/p>\n<p><span style=\"font-size: 14px;\"><strong>Verwendung von Google Adwords Conversion-Tracking <\/strong><br \/>\nWir verwenden auf unserer Website das Online-Werbeprogramm \u201eGoogle\u00a0AdWords\u201c und in diesem Rahmen Conversion-Tracking<br \/>\n(Besuchsaktionsauswertung). Das Google Conversion Tracking ist ein Analysedienst der Google Inc. (1600 Amphitheatre Parkway, Mountain View, CA 94043, USA; \u201eGoogle\u201c). Wenn Sie auf eine von Google geschaltete Anzeige klicken, wird ein Cookie f\u00fcr das Conversion-Tracking auf Ihrem Rechner abgelegt. Diese Cookies haben eine begrenzte G\u00fcltigkeit, enthalten keine personenbezogenen Daten und dienen somit nicht der pers\u00f6nlichen Identifizierung. Wenn Sie bestimmte Seiten unserer Website besuchen und das Cookie noch nicht abgelaufen ist, k\u00f6nnen Google und wir erkennen, dass Sie auf die Anzeige geklickt haben und zu dieser Seite weitergeleitet wurden. Jeder Google AdWords-Kunde erh\u00e4lt ein anderes Cookie. Somit besteht keine M\u00f6glichkeit, dass Cookies \u00fcber die Websites von AdWords-Kunden nachverfolgt werden k\u00f6nnen. Die Informationen, die mit Hilfe des Conversion-Cookie eingeholt werden, dienen dem Zweck Conversion-Statistiken zu erstellen. Hierbei erfahren wir die Gesamtanzahl der Nutzer, die auf eine unserer Anzeigen geklickt haben und zu einer mit einem Conversion-Tracking-Tag versehenen Seite weitergeleitet wurden. Wir erhalten jedoch keine Informationen, mit denen sich Nutzer pers\u00f6nlich identifizieren lassen. Die Verarbeitung erfolgt auf Grundlage des Art. 6 (1) lit. f DSGVO aus dem berechtigten Interesse an zielgerichteter Werbung und der Analyse der Wirkung und Effizienz dieser Werbung.\u00a0\u00a0<strong><em>Sie haben das Recht aus Gr\u00fcnden, die sich aus Ihrer\u00a0besonderen Situation ergeben, jederzeit gegen diese auf Art. 6 (1) f<br \/>\nDSGVO beruhende Verarbeitung Sie betreffender personenbezogener Daten zu\u00a0widersprechen.\u00a0<\/em><\/strong>Dazu k\u00f6nnen Sie die Speicherung der Cookies durch die Auswahl entsprechender technischer Einstellungen Ihrer Browser-Software verhindern. Wir weisen Sie jedoch darauf hin, dass Sie in diesem Fall gegebenenfalls nicht s\u00e4mtliche Funktionen dieser Website vollumf\u00e4nglich werden nutzen k\u00f6nnen. Sie werden sodann nicht in die Conversion-Tracking Statistiken aufgenommen. Des Weiteren k\u00f6nnen Sie in den Einstellungen f\u00fcr Werbung bei Google f\u00fcr Sie personalisierte Werbung deaktivieren. Eine Anleitung dazu finden Sie\u00a0 unter <a href=\"https:\/\/support.google.com\/ads\/answer\/2662922?hl=de\" target=\"_blank\" rel=\"noopener\">https:\/\/support.google.com\/ads\/answer\/2662922?hl=de<\/a>\u00a0 Dar\u00fcber hinaus k\u00f6nnen Sie die Verwendung von Cookies durch\u00a0Drittanbieter deaktivieren, indem sie die Deaktivierungsseite der\u00a0Netzwerkwerbeinitiative (Network Advertising Initiative) unter <a href=\"https:\/\/www.networkadvertising.org\/choices\/\" target=\"_blank\" rel=\"noopener\">https:\/\/www.networkadvertising.org\/choices\/<\/a> aufrufen und die dort genannten weiterf\u00fchrenden Information zum Opt-Out umsetzen.\u00a0Weiterf\u00fchrende Informationen sowie die Datenschutzerkl\u00e4rung von Google finden Sie unter: <a href=\"https:\/\/www.google.de\/policies\/privacy\/\" target=\"_blank\" rel=\"noopener\">https:\/\/www.google.de\/policies\/privacy\/<\/a><\/span><\/p>\n<div><span style=\"font-size: 14px;\"><strong>Verwendung von YouTube<\/strong><br \/>\nWir verwenden auf unserer Website die Funktion zur Einbettung von YouTube-Videos der YouTube LLC. (901 Cherry Ave., San Bruno, CA 94066, USA; \u201eYouTube\u201c).\u00a0YouTube ist ein mit der Google Inc. (1600 Amphitheatre Parkway,\u00a0Mountain View, CA 94043, USA; \u201cGoogle\u201d) verbundenes Unternehmen.\u00a0Die Funktion zeigt bei YouTube hinterlegte Videos in einem iFrame auf\u00a0der Website an. Dabei ist die Option \u201eErweiterter Datenschutzmodus\u201c\u00a0aktiviert. Dadurch werden von YouTube keine Informationen \u00fcber die\u00a0Besucher der Website gespeichert. Erst wenn Sie sich ein Video ansehen,\u00a0werden Informationen dar\u00fcber an YouTube \u00fcbermittelt und dort\u00a0gespeichert.\u00a0N\u00e4here Informationen zur Erhebung und Nutzung der Daten durch YouTube\u00a0und Google, \u00fcber Ihre diesbez\u00fcglichen Rechte und M\u00f6glichkeiten zum\u00a0Schutz Ihrer Privatsph\u00e4re finden Sie in den Datenschutzhinweisen von\u00a0YouTube (<a href=\"https:\/\/www.youtube.com\/t\/privacy\" target=\"_blank\" rel=\"noopener\">https:\/\/www.youtube.com\/t\/privacy<\/a>).<\/span><\/div>\n<div><span style=\"font-size: 14px;\"><strong>Verwendung von GoogleMaps<\/strong><br \/>\nWir verwenden auf unserer Website die Funktion zur Einbettung von GoogleMaps-Karten der Google Inc. (1600 Amphitheatre Parkway, Mountain View, CA 94043, USA; \u201cGoogle\u201d).\u00a0Die Funktion erm\u00f6glicht die visuelle Darstellung von geographischen Informationen und interaktiven Landkarten.<br \/>\nDabei werden von Google bei Aufrufen der Seiten, in die GoogleMaps-Karten eingebunden sich, auch Daten der Besucher der Seiten erhoben, verarbeitet und genutzt. N\u00e4here Informationen zur Erhebung und Nutzung der Daten durch Google finden Sie in den Datenschutzhinweisen von Google unter <a href=\"https:\/\/www.google.com\/privacypolicy.html\" target=\"_blank\" rel=\"noopener\">https:\/\/www.google.com\/privacypolicy.html<\/a>.\u00a0Dort haben Sie auch im Datenschutzcenter die M\u00f6glichkeit Ihre\u00a0Einstellungen zu ver\u00e4ndern, so dass Sie Ihre von Google verarbeiteten\u00a0Daten verwalten und sch\u00fctzen k\u00f6nnen.\u00a0Ihre Daten werden dabei gegebenenfalls auch in die USA \u00fcbermittelt. F\u00fcr\u00a0Daten\u00fcbermittlungen in die USA ist ein Angemessenheitsbeschluss der\u00a0Europ\u00e4ischen Kommission vorhanden.\u00a0Sie haben das Recht aus Gr\u00fcnden, die sich aus Ihrer besonderen\u00a0Situation ergeben, jederzeit gegen diese auf Art. 6 (1) f DSGVO\u00a0beruhende Verarbeitung Sie betreffender personenbezogener Daten zu\u00a0widersprechen.\u00a0Dazu m\u00fcssen Sie die Anwendung JavaScript in Ihrem Browser ausschalten.\u00a0Wir weisen Sie jedoch darauf hin, dass Sie in diesem Fall gegebenenfalls\u00a0nicht s\u00e4mtliche Funktionen dieser Website, wie bspw. die interaktive\u00a0Kartenanzeige, vollumf\u00e4nglich werden nutzen k\u00f6nnen.<\/span><\/div>\n<p><span style=\"font-size: 14px;\"><strong>Dauer der Speicherung<\/strong><br \/>\nNach vollst\u00e4ndiger Vertragsabwicklung werden die Daten zun\u00e4chst f\u00fcr die Dauer der Gew\u00e4hrleistungsfrist, danach unter Ber\u00fccksichtigung gesetzlicher, insbesondere steuer- und handelsrechtlicher\u00a0Aufbewahrungsfristen gespeichert und dann nach Fristablauf gel\u00f6scht,\u00a0sofern Sie der weitergehenden Verarbeitung und Nutzung nicht zugestimmt\u00a0haben.<\/span><\/p>\n<p><span style=\"font-size: 14px;\"><strong>Rechte der betroffenen Person<\/strong><br \/>\nIhnen stehen bei Vorliegen der gesetzlichen Voraussetzungen folgende\u00a0Rechte nach Art. 15 bis 20 DSGVO zu: Recht auf Auskunft, auf\u00a0Berichtigung, auf L\u00f6schung, auf Einschr\u00e4nkung der Verarbeitung, auf\u00a0Daten\u00fcbertragbarkeit.\u00a0Au\u00dferdem steht Ihnen nach Art. 21 (1) DSGVO ein Widerspruchsrecht gegen\u00a0die Verarbeitungen zu, die auf Art. 6 (1) f DSGVO beruhen, sowie gegen\u00a0die Verarbeitung zum Zwecke von Direktwerbung.<\/span><\/p>\n<p><span style=\"font-size: 14px;\">Kontaktieren Sie uns auf Wunsch. Die Kontaktdaten finden Sie in unserem Impressum.<\/span><\/p>\n<p><span style=\"font-size: 14px;\"><strong>Beschwerderecht bei der Aufsichtsbeh\u00f6rde<\/strong><br \/>\nSie haben gem\u00e4\u00df Art. 77 DSGVO das Recht, sich bei der Aufsichtsbeh\u00f6rde zu beschweren, wenn Sie der Ansicht sind, dass die Verarbeitung Ihrer personenbezogenen Daten nicht rechtm\u00e4\u00dfig erfolgt.<\/span><\/p>\n<p><strong>Keine Abmahnung ohne vorherige Kontaktaufnahme!<\/strong><\/p>\n<p><span style=\"font-size: 14px;\">Letzte Aktualisierung: 14.06.2018<\/span><\/p>\n","protected":false},"excerpt":{"rendered":"<p>Datenschutzbelehrung Wir freuen uns sehr \u00fcber Ihr Interesse an unserem Unternehmen. Datenschutz hat einen besonders hohen Stellenwert f\u00fcr die Gesch\u00e4ftsleitung der Firma Consensus-Verlag-GD-Seminare. Eine Nutzung der Internetseiten der Firma Consensus-Verlag-GD-Seminare\u00a0ist grunds\u00e4tzlich ohne jede Angabe personenbezogener Daten m\u00f6glich. Sofern eine betroffene Person besondere Services unseres Unternehmens \u00fcber unsere Internetseite in Anspruch nehmen m\u00f6chte, k\u00f6nnte jedoch eine [&hellip;]<\/p>\n","protected":false},"author":1,"featured_media":0,"parent":0,"menu_order":0,"comment_status":"closed","ping_status":"closed","template":"","meta":[],"_links":{"self":[{"href":"https:\/\/www.gilavandelden.de\/buchshop\/wp-json\/wp\/v2\/pages\/11065"}],"collection":[{"href":"https:\/\/www.gilavandelden.de\/buchshop\/wp-json\/wp\/v2\/pages"}],"about":[{"href":"https:\/\/www.gilavandelden.de\/buchshop\/wp-json\/wp\/v2\/types\/page"}],"author":[{"embeddable":true,"href":"https:\/\/www.gilavandelden.de\/buchshop\/wp-json\/wp\/v2\/users\/1"}],"replies":[{"embeddable":true,"href":"https:\/\/www.gilavandelden.de\/buchshop\/wp-json\/wp\/v2\/comments?post=11065"}],"version-history":[{"count":8,"href":"https:\/\/www.gilavandelden.de\/buchshop\/wp-json\/wp\/v2\/pages\/11065\/revisions"}],"predecessor-version":[{"id":12681,"href":"https:\/\/www.gilavandelden.de\/buchshop\/wp-json\/wp\/v2\/pages\/11065\/revisions\/12681"}],"wp:attachment":[{"href":"https:\/\/www.gilavandelden.de\/buchshop\/wp-json\/wp\/v2\/media?parent=11065"}],"curies":[{"name":"wp","href":"https:\/\/api.w.org\/{rel}","templated":true}]}}