{"id":11341,"date":"2018-01-17T11:50:52","date_gmt":"2018-01-17T10:50:52","guid":{"rendered":"http:\/\/www.gilavandelden.de\/buchshop\/?post_type=product&#038;p=11341"},"modified":"2023-10-27T11:01:20","modified_gmt":"2023-10-27T09:01:20","slug":"unterwegs-in-die-naechste-dimension-von-clemens-kuby","status":"publish","type":"product","link":"https:\/\/www.gilavandelden.de\/buchshop\/produkt\/unterwegs-in-die-naechste-dimension-von-clemens-kuby\/","title":{"rendered":"Unterwegs in die n\u00e4chste Dimension von Clemens Kuby"},"content":{"rendered":"<p style=\"text-align: left;\"><strong>Eine Querschnittsl\u00e4hmung brachte Clemens Kuby dazu, <\/strong><br \/>\n<strong> sein Leben vollkommen neu zu betrachten und sich <\/strong><br \/>\n<strong> intensiv mit dem Thema Heilung auseinanderzusetzen. <\/strong><br \/>\n<strong> Sehr offen und pers\u00f6nlich beschreibt er hier, wie es ihm <\/strong><br \/>\n<strong> gelang, im Dialog mit der Seele die Selbstheilungskr\u00e4fte so zu <\/strong><br \/>\n<strong> aktivieren, dass sich die L\u00e4hmung zur\u00fcckbildete und die \u00c4rzte <\/strong><br \/>\n<strong> von einem Wunder sprachen. Ausgehend von diesen Erfah- <\/strong><br \/>\n<strong> rungen bereiste Kuby als Dokumentarfilmer verschiedene L\u00e4n- <\/strong><br \/>\n<strong> der und Kulturen, um Heilungsph\u00e4nomene zu recherchieren.<\/strong><\/p>\n<p style=\"text-align: left;\"><strong>\u00bbEindrucksvoll und spannend berichtet Clemens Kuby <\/strong><br \/>\n<strong> von seiner Reise zu Heilern und Schamanen.\u00ab<\/strong><\/p>\n<p style=\"text-align: left;\"><strong>FAZ<\/strong><\/p>\n<p>&nbsp;<\/p>\n","protected":false},"excerpt":{"rendered":"<p>Eine Querschnittsl\u00e4hmung brachte Clemens Kuby dazu, sein Leben vollkommen neu zu betrachten und sich intensiv mit dem Thema Heilung auseinanderzusetzen. Sehr offen und pers\u00f6nlich beschreibt er hier, wie es ihm gelang, im Dialog mit der Seele die Selbstheilungskr\u00e4fte so zu aktivieren, dass sich die L\u00e4hmung zur\u00fcckbildete und die \u00c4rzte von einem Wunder sprachen. Ausgehend von [&hellip;]<\/p>\n","protected":false},"featured_media":11342,"template":"","meta":[],"product_cat":[63,28],"product_tag":[],"_links":{"self":[{"href":"https:\/\/www.gilavandelden.de\/buchshop\/wp-json\/wp\/v2\/product\/11341"}],"collection":[{"href":"https:\/\/www.gilavandelden.de\/buchshop\/wp-json\/wp\/v2\/product"}],"about":[{"href":"https:\/\/www.gilavandelden.de\/buchshop\/wp-json\/wp\/v2\/types\/product"}],"wp:featuredmedia":[{"embeddable":true,"href":"https:\/\/www.gilavandelden.de\/buchshop\/wp-json\/wp\/v2\/media\/11342"}],"wp:attachment":[{"href":"https:\/\/www.gilavandelden.de\/buchshop\/wp-json\/wp\/v2\/media?parent=11341"}],"wp:term":[{"taxonomy":"product_cat","embeddable":true,"href":"https:\/\/www.gilavandelden.de\/buchshop\/wp-json\/wp\/v2\/product_cat?post=11341"},{"taxonomy":"product_tag","embeddable":true,"href":"https:\/\/www.gilavandelden.de\/buchshop\/wp-json\/wp\/v2\/product_tag?post=11341"}],"curies":[{"name":"wp","href":"https:\/\/api.w.org\/{rel}","templated":true}]}}