{"id":11545,"date":"2019-03-29T04:17:03","date_gmt":"2019-03-29T03:17:03","guid":{"rendered":"http:\/\/www.gilavandelden.de\/buchshop\/?post_type=product&#038;p=11545"},"modified":"2023-07-03T18:11:12","modified_gmt":"2023-07-03T16:11:12","slug":"spiegel-der-persoenlichkeit-gila-van-delden","status":"publish","type":"product","link":"https:\/\/www.gilavandelden.de\/buchshop\/produkt\/spiegel-der-persoenlichkeit-gila-van-delden\/","title":{"rendered":"Spiegel der Pers\u00f6nlichkeit (Gila van Delden)"},"content":{"rendered":"<p>Spiegel der\u00a0Pers\u00f6nlichkeit &#8211;<\/p>\n<p>Wir k\u00f6nnen einiges dazu tun, uns die M\u00f6glichkeiten unseres Unbewussten mehr und mehr zu Nutze zu machen. In dieser sanft gef\u00fchrten Meditation k\u00f6nnen wir unseren unbewussten Geist dazu einladen, uns mit frischen, kreativen Energien zu versorgen. So wird auch unsere Intuition wieder angesprochen, und wir kommen auf sanfte und leichte Art unseren gesetzten Zielen wieder n\u00e4her.<\/p>\n<p>Diese Phantasiereise wird das Tor zu unserem Unbewussten weit \u00f6ffnen.<\/p>\n<p>&nbsp;<\/p>\n<p><strong>NUR ALS MP3-DOWNLOAD<\/strong><\/p>\n<p>&nbsp;<\/p>\n","protected":false},"excerpt":{"rendered":"<p>Spiegel der\u00a0Pers\u00f6nlichkeit &#8211; Wir k\u00f6nnen einiges dazu tun, uns die M\u00f6glichkeiten unseres Unbewussten mehr und mehr zu Nutze zu machen. In dieser sanft gef\u00fchrten Meditation k\u00f6nnen wir unseren unbewussten Geist dazu einladen, uns mit frischen, kreativen Energien zu versorgen. So wird auch unsere Intuition wieder angesprochen, und wir kommen auf sanfte und leichte Art unseren [&hellip;]<\/p>\n","protected":false},"featured_media":11546,"template":"","meta":[],"product_cat":[63,24],"product_tag":[],"_links":{"self":[{"href":"https:\/\/www.gilavandelden.de\/buchshop\/wp-json\/wp\/v2\/product\/11545"}],"collection":[{"href":"https:\/\/www.gilavandelden.de\/buchshop\/wp-json\/wp\/v2\/product"}],"about":[{"href":"https:\/\/www.gilavandelden.de\/buchshop\/wp-json\/wp\/v2\/types\/product"}],"wp:featuredmedia":[{"embeddable":true,"href":"https:\/\/www.gilavandelden.de\/buchshop\/wp-json\/wp\/v2\/media\/11546"}],"wp:attachment":[{"href":"https:\/\/www.gilavandelden.de\/buchshop\/wp-json\/wp\/v2\/media?parent=11545"}],"wp:term":[{"taxonomy":"product_cat","embeddable":true,"href":"https:\/\/www.gilavandelden.de\/buchshop\/wp-json\/wp\/v2\/product_cat?post=11545"},{"taxonomy":"product_tag","embeddable":true,"href":"https:\/\/www.gilavandelden.de\/buchshop\/wp-json\/wp\/v2\/product_tag?post=11545"}],"curies":[{"name":"wp","href":"https:\/\/api.w.org\/{rel}","templated":true}]}}