{"id":11567,"date":"2019-05-31T20:21:26","date_gmt":"2019-05-31T18:21:26","guid":{"rendered":"http:\/\/www.gilavandelden.de\/buchshop\/produkt\/import-placeholder-for-10969\/"},"modified":"2024-02-11T10:21:35","modified_gmt":"2024-02-11T09:21:35","slug":"hamoni-harmonisierer-hochwirksamer-schutz-vor-elektrosmog-erdstrahlung-und-stressbelastung","status":"publish","type":"product","link":"https:\/\/www.gilavandelden.de\/buchshop\/produkt\/hamoni-harmonisierer-hochwirksamer-schutz-vor-elektrosmog-erdstrahlung-und-stressbelastung\/","title":{"rendered":"Hamoni\u00ae Harmonisierer &#8211; Hochwirksamer Schutz vor Elektrosmog, Erdstrahlung und 5G"},"content":{"rendered":"<h5 style=\"text-align: center;\"><strong>DENKT ABER BITTE DARAN:<\/strong><br \/>\n<strong> =======================<\/strong><br \/>\n<strong> <em>\u00a0Nur bei einer direkten Bestellung \u00fcber unsere Webseite<br \/>\nk\u00f6nnen wir das Buch \u201eLiebe ist die gr\u00f6\u00dfte Kraft!\u201c (28,90 \u20ac)<br \/>\n<\/em><\/strong><em><strong>kostenlos dazugeben, da der \u00f6sterreichische Hersteller kein Buch mitsenden kann.<\/strong><\/em><\/h5>\n<hr \/>\n<h5><div id=\"video01\"><div class=\"embed-container\" style=\"\"><iframe src=\"https:\/\/www.youtube-nocookie.com\/embed\/Y9aFfpjF2T8?rel=0&amp;showinfo=0\" frameborder=\"0\" allowfullscreen><\/iframe><\/div><\/div><\/h5>\n<hr \/>\n<h5 style=\"text-align: center; margin-top: 24px;\"><strong><span style=\"color: #800000;\">Hier schreibt Gila. <\/span><\/strong><\/h5>\n<h5 style=\"text-align: center;\"><span style=\"color: #800000;\">Es ist wirklich sensationell, was nicht nur ich,<br \/>\n<\/span><span style=\"color: #800000;\">sondern viele meiner Teilnehmer inzwischen mit dem Harmonisierer erleben!\u00a0<\/span><span style=\"color: #800000;\"><br \/>\nFast t\u00e4glich erhalte ich Anrufe oder E-Mails von Teilnehmern,<br \/>\ndie den Harmonisierer erst seit kurzer Zeit haben. Und genau wie ich:<\/span><\/h5>\n<h5 style=\"text-align: center;\"><strong><span style=\"color: #800000;\">SIE SCHLAFEN WIEDER DURCH!!<\/span><\/strong><\/h5>\n<h5 style=\"text-align: center;\"><span style=\"color: #800000;\">Eine andere Teilnehmerin, die den Harmonisierer nur 6 Wochen hatte,<br \/>\nberichtete auf einem Seminar, dass der Tinnitus, der sie seit Jahren qu\u00e4lte,<br \/>\nzuerst weniger geworden und dann ganz verschwunden sei.<\/span><br \/>\n<span style=\"color: #800000;\">Wir k\u00f6nnen das mit dem Verstand gar nicht fassen.<br \/>\nGerade Pflanzen, die eine viel simplere Zellstruktur haben als wir Menschen,<br \/>\nreagieren hochsensibel auf Elektrosmog. Jetzt, wo unser gesamtes Haus gesch\u00fctzt ist,<br \/>\nver\u00e4ndern sich s\u00e4mtliche Pflanzen bei uns im Haus:<br \/>\nDie nachwachsenden Bl\u00e4tter sind auf einmal 3 x so gro\u00df \u2013 sie bl\u00fchen wie nie zuvor!<\/span><\/h5>\n<h5 style=\"text-align: center;\"><span style=\"color: #800000;\">Seht euch nur diese Bilder an!<\/span><\/h5>\n<hr \/>\n<h5 style=\"text-align: center;\"><a href=\"http:\/\/test.gilavandelden.de\/wp-content\/uploads\/2016\/05\/IMG_4133-Medium.jpg\"><img loading=\"lazy\" class=\"size-full wp-image-515 aligncenter\" src=\"http:\/\/test.gilavandelden.de\/wp-content\/uploads\/2016\/05\/IMG_4133-Medium.jpg\" alt=\"IMG_4133 (Medium)\" width=\"1152\" height=\"768\" srcset=\"https:\/\/www.gilavandelden.de\/buchshop\/wp-content\/uploads\/2016\/05\/IMG_4133-Medium.jpg 1152w, https:\/\/www.gilavandelden.de\/buchshop\/wp-content\/uploads\/2016\/05\/IMG_4133-Medium-216x144.jpg 216w, https:\/\/www.gilavandelden.de\/buchshop\/wp-content\/uploads\/2016\/05\/IMG_4133-Medium-600x400.jpg 600w, https:\/\/www.gilavandelden.de\/buchshop\/wp-content\/uploads\/2016\/05\/IMG_4133-Medium-300x200.jpg 300w, https:\/\/www.gilavandelden.de\/buchshop\/wp-content\/uploads\/2016\/05\/IMG_4133-Medium-768x512.jpg 768w, https:\/\/www.gilavandelden.de\/buchshop\/wp-content\/uploads\/2016\/05\/IMG_4133-Medium-1024x683.jpg 1024w, https:\/\/www.gilavandelden.de\/buchshop\/wp-content\/uploads\/2016\/05\/IMG_4133-Medium-676x451.jpg 676w\" sizes=\"(max-width: 1152px) 100vw, 1152px\" \/><\/a><a href=\"http:\/\/test.gilavandelden.de\/wp-content\/uploads\/2016\/05\/IMG_4132-Medium.jpg\"><img loading=\"lazy\" class=\"size-full wp-image-512 aligncenter\" src=\"http:\/\/test.gilavandelden.de\/wp-content\/uploads\/2016\/05\/IMG_4132-Medium.jpg\" alt=\"IMG_4132 (Medium)\" width=\"768\" height=\"1152\" srcset=\"https:\/\/www.gilavandelden.de\/buchshop\/wp-content\/uploads\/2016\/05\/IMG_4132-Medium.jpg 768w, https:\/\/www.gilavandelden.de\/buchshop\/wp-content\/uploads\/2016\/05\/IMG_4132-Medium-216x324.jpg 216w, https:\/\/www.gilavandelden.de\/buchshop\/wp-content\/uploads\/2016\/05\/IMG_4132-Medium-600x900.jpg 600w, https:\/\/www.gilavandelden.de\/buchshop\/wp-content\/uploads\/2016\/05\/IMG_4132-Medium-200x300.jpg 200w, https:\/\/www.gilavandelden.de\/buchshop\/wp-content\/uploads\/2016\/05\/IMG_4132-Medium-683x1024.jpg 683w, https:\/\/www.gilavandelden.de\/buchshop\/wp-content\/uploads\/2016\/05\/IMG_4132-Medium-676x1014.jpg 676w\" sizes=\"(max-width: 768px) 100vw, 768px\" \/><\/a><a href=\"http:\/\/test.gilavandelden.de\/wp-content\/uploads\/2016\/05\/IMG_4085-Medium.jpg\"><img loading=\"lazy\" class=\"size-full wp-image-514 aligncenter\" src=\"http:\/\/test.gilavandelden.de\/wp-content\/uploads\/2016\/05\/IMG_4085-Medium.jpg\" alt=\"IMG_4085 (Medium)\" width=\"768\" height=\"1152\" srcset=\"https:\/\/www.gilavandelden.de\/buchshop\/wp-content\/uploads\/2016\/05\/IMG_4085-Medium.jpg 768w, https:\/\/www.gilavandelden.de\/buchshop\/wp-content\/uploads\/2016\/05\/IMG_4085-Medium-216x324.jpg 216w, https:\/\/www.gilavandelden.de\/buchshop\/wp-content\/uploads\/2016\/05\/IMG_4085-Medium-600x900.jpg 600w, https:\/\/www.gilavandelden.de\/buchshop\/wp-content\/uploads\/2016\/05\/IMG_4085-Medium-200x300.jpg 200w, https:\/\/www.gilavandelden.de\/buchshop\/wp-content\/uploads\/2016\/05\/IMG_4085-Medium-683x1024.jpg 683w, https:\/\/www.gilavandelden.de\/buchshop\/wp-content\/uploads\/2016\/05\/IMG_4085-Medium-676x1014.jpg 676w\" sizes=\"(max-width: 768px) 100vw, 768px\" \/><\/a><\/h5>\n<h5 style=\"text-align: center;\"><a href=\"http:\/\/test.gilavandelden.de\/wp-content\/uploads\/2016\/05\/Friedenslilie.jpg\"><img loading=\"lazy\" class=\"alignnone wp-image-321 size-large\" src=\"http:\/\/test.gilavandelden.de\/wp-content\/uploads\/2016\/05\/Friedenslilie-435x1024.jpg\" alt=\"Friedenslilie\" width=\"435\" height=\"1024\" srcset=\"https:\/\/www.gilavandelden.de\/buchshop\/wp-content\/uploads\/2016\/05\/Friedenslilie-435x1024.jpg 435w, https:\/\/www.gilavandelden.de\/buchshop\/wp-content\/uploads\/2016\/05\/Friedenslilie-216x509.jpg 216w, https:\/\/www.gilavandelden.de\/buchshop\/wp-content\/uploads\/2016\/05\/Friedenslilie-600x1413.jpg 600w, https:\/\/www.gilavandelden.de\/buchshop\/wp-content\/uploads\/2016\/05\/Friedenslilie-127x300.jpg 127w, https:\/\/www.gilavandelden.de\/buchshop\/wp-content\/uploads\/2016\/05\/Friedenslilie-768x1808.jpg 768w, https:\/\/www.gilavandelden.de\/buchshop\/wp-content\/uploads\/2016\/05\/Friedenslilie-676x1591.jpg 676w, https:\/\/www.gilavandelden.de\/buchshop\/wp-content\/uploads\/2016\/05\/Friedenslilie.jpg 912w\" sizes=\"(max-width: 435px) 100vw, 435px\" \/><\/a><a href=\"http:\/\/test.gilavandelden.de\/wp-content\/uploads\/2016\/05\/Friedenslilie.jpg\"><br \/>\n<\/a><\/h5>\n<h5 style=\"text-align: center;\"><a href=\"http:\/\/gilavandelden.de\/gilavandelden\/wp-content\/uploads\/2016\/05\/IMG_5587-Medium.jpg\"><img loading=\"lazy\" class=\"aligncenter wp-image-1128\" src=\"http:\/\/gilavandelden.de\/gilavandelden\/wp-content\/uploads\/2016\/05\/IMG_5587-Medium.jpg\" alt=\"IMG_5587 (Medium)\" width=\"700\" height=\"1142\" srcset=\"https:\/\/www.gilavandelden.de\/buchshop\/wp-content\/uploads\/2016\/05\/IMG_5587-Medium.jpg 577w, https:\/\/www.gilavandelden.de\/buchshop\/wp-content\/uploads\/2016\/05\/IMG_5587-Medium-216x352.jpg 216w, https:\/\/www.gilavandelden.de\/buchshop\/wp-content\/uploads\/2016\/05\/IMG_5587-Medium-184x300.jpg 184w\" sizes=\"(max-width: 700px) 100vw, 700px\" \/><\/a><\/h5>\n<hr \/>\n<h5 style=\"text-align: center;\"><span style=\"color: #800000;\">Keine Strahlung mehr durch Wasseradern oder Erdstrahlen \u2013 kein Elektrosmog \u2013 keine Gefahr durch<br \/>\n<\/span>W-LAN,\u00a0<span style=\"color: #800000; font-size: 1.1em;\">dessen Funktionsweise jedoch nach wie vor gegeben ist \u2013<\/span><\/h5>\n<h5 style=\"text-align: center;\"><span style=\"color: #800000;\"> nur dass die <span style=\"text-decoration: underline;\">sch\u00e4dliche<\/span> Strahlung uns nicht mehr erreichen kann!<\/span><\/h5>\n<hr \/>\n<h5 style=\"text-align: center;\"><a href=\"http:\/\/test.gilavandelden.de\/wp-content\/uploads\/2016\/05\/Harmonisierer.jpg\"><img loading=\"lazy\" class=\"alignleft wp-image-296\" src=\"http:\/\/test.gilavandelden.de\/wp-content\/uploads\/2016\/05\/Harmonisierer-300x177.jpg\" alt=\"Harmonisierer\" width=\"380\" height=\"224\" srcset=\"https:\/\/www.gilavandelden.de\/buchshop\/wp-content\/uploads\/2016\/05\/Harmonisierer-300x177.jpg 300w, https:\/\/www.gilavandelden.de\/buchshop\/wp-content\/uploads\/2016\/05\/Harmonisierer-216x128.jpg 216w, https:\/\/www.gilavandelden.de\/buchshop\/wp-content\/uploads\/2016\/05\/Harmonisierer-600x354.jpg 600w, https:\/\/www.gilavandelden.de\/buchshop\/wp-content\/uploads\/2016\/05\/Harmonisierer-768x453.jpg 768w, https:\/\/www.gilavandelden.de\/buchshop\/wp-content\/uploads\/2016\/05\/Harmonisierer-676x399.jpg 676w, https:\/\/www.gilavandelden.de\/buchshop\/wp-content\/uploads\/2016\/05\/Harmonisierer.jpg 813w\" sizes=\"(max-width: 380px) 100vw, 380px\" \/><\/a><\/h5>\n<h5><\/h5>\n<h5 style=\"text-align: center;\"><span style=\"color: #800000;\">Wir sind so dankbar,<br \/>\ndass wir auf den Harmonisierer gesto\u00dfen sind.<\/span><br \/>\n<span style=\"color: #800000;\"> Nach wie vor erh\u00e4lt jeder, der ihn bei uns bestellt,<br \/>\ndas neutral gewidmete Buch von mir<br \/>\n<strong><em>\u201eLiebe ist die gr\u00f6\u00dfte Kraft! &#8211; 28,90 \u20ac\u201c<\/em><\/strong><\/span><br \/>\n<span style=\"color: #800000;\"> Und dann f\u00fcr DEN Preis von 169,- \u20ac &#8211; versandkostenfrei innerhalb Deutschlands\u00a0 und incl. Buch!<\/span><\/h5>\n<h5 style=\"text-align: center;\"><span style=\"color: #800000;\"><span style=\"color: #800000;\">(Versandkosten EU &#8211; statt 16,50 \u20ac &#8211;\u00a0 nur 10,- \u20ac!)<\/span><br \/>\n<\/span><\/h5>\n<hr \/>\n<h5 style=\"text-align: center;\"><strong><span style=\"color: #800000;\">Standortwahl<\/span><\/strong><\/h5>\n<h5 style=\"text-align: center;\"><span style=\"color: #800000;\">Der Harmonisierer kann \u00fcberall in trockener Umgebung flach (Lebensblume auf der Oberseite)<br \/>\nauf dem Fu\u00dfboden (auch unter ein M\u00f6belst\u00fcck) gelegt werden.<br \/>\nVom Aufstellungspunkt erfolgt nun eine Entst\u00f6rung bzw. Harmonisierung im Umkreis von 12 Metern sowie in einer Halbkugelform nach oben, so dass alle um\u2013 und dar\u00fcber liegenden R\u00e4ume als imagin\u00e4re Halbkugel\u00a0von 24 x 12 Metern entst\u00f6rt bzw. harmonisiert werden.<\/span><\/h5>\n<h5 style=\"text-align: center;\"><span style=\"color: #800000;\">\u00a0<\/span><\/h5>\n<hr \/>\n<h5 style=\"text-align: center;\"><\/h5>\n<h5 style=\"text-align: center;\"><\/h5>\n<h2 style=\"text-align: center;\"><u><\/u><u><a href=\"http:\/\/www.gilavandelden.de\/buchshop\/wp-content\/uploads\/2019\/05\/Harmonisierer-KURZ-INFO.pdf\">Harmonisierer-KURZ-INFO<\/a><\/u><\/h2>\n<h5 style=\"text-align: center;\"><span style=\"color: #800000;\"><strong><em>(hier bitte anklicken)<\/em><\/strong><\/span><\/h5>\n<h5 style=\"text-align: center;\"><span style=\"color: #800000;\"><span style=\"color: #800000;\">Jeder Bestellung liegt zus\u00e4tzlich eine<br \/>\n<span style=\"text-decoration: underline;\"><em><strong>ausf\u00fchrliche\u00a0Brosch\u00fcre<\/strong>\u00a0<\/em><\/span><br \/>\n\u00fcber <span style=\"color: #800000;\">Wirkungsweise, <\/span>Aufstellungsm\u00f6glichkeiten und bisherige Erfahrungen mit dem Harmonisierer bei.<\/span><\/span><\/h5>\n<h5 style=\"text-align: center;\"><span style=\"color: #800000;\">Direkt nach eurer Bestellung versenden\u00a0wir den Harmonisierer dann zusammen\u00a0auf Rechnung<br \/>\nmit dem Buch als Zugabe.\u00a0<\/span><span style=\"color: #800000;\"> <span style=\"color: #800000;\">Wenn ihr ihn erst einen Monat sp\u00e4ter bezahlen k\u00f6nnt,<br \/>\nvermerkt das bitte bei der Bestellung.\u00a0 Wichtig ist uns, dass ihr ihn bekommt.<\/span>\u00a0<span style=\"color: #800000;\">\u00a0<\/span><\/span><\/h5>\n<h5 style=\"text-align: center;\"><span style=\"color: #800000;\">\u00a0Ich w\u00fcnsche euch allen,\u00a0<\/span><span style=\"color: #800000;\">dass es euch genauso geht wie uns!<br \/>\n<\/span><span style=\"color: #800000;\">Ihr wisst doch:\u00a0<\/span>\u00a0<em><strong><span style=\"color: #800000;\">&#8222;Liebe ist die gr\u00f6\u00dfte Kraft!&#8220;<\/span><\/strong><\/em><\/h5>\n","protected":false},"excerpt":{"rendered":"<p>DENKT ABER BITTE DARAN: ======================= \u00a0Nur bei einer direkten Bestellung \u00fcber unsere Webseite k\u00f6nnen wir das Buch \u201eLiebe ist die gr\u00f6\u00dfte Kraft!\u201c (28,90 \u20ac) kostenlos dazugeben, da der \u00f6sterreichische Hersteller kein Buch mitsenden kann. Hier schreibt Gila. Es ist wirklich sensationell, was nicht nur ich, sondern viele meiner Teilnehmer inzwischen mit dem Harmonisierer erleben!\u00a0 Fast [&hellip;]<\/p>\n","protected":false},"featured_media":12692,"template":"","meta":[],"product_cat":[61],"product_tag":[],"_links":{"self":[{"href":"https:\/\/www.gilavandelden.de\/buchshop\/wp-json\/wp\/v2\/product\/11567"}],"collection":[{"href":"https:\/\/www.gilavandelden.de\/buchshop\/wp-json\/wp\/v2\/product"}],"about":[{"href":"https:\/\/www.gilavandelden.de\/buchshop\/wp-json\/wp\/v2\/types\/product"}],"wp:featuredmedia":[{"embeddable":true,"href":"https:\/\/www.gilavandelden.de\/buchshop\/wp-json\/wp\/v2\/media\/12692"}],"wp:attachment":[{"href":"https:\/\/www.gilavandelden.de\/buchshop\/wp-json\/wp\/v2\/media?parent=11567"}],"wp:term":[{"taxonomy":"product_cat","embeddable":true,"href":"https:\/\/www.gilavandelden.de\/buchshop\/wp-json\/wp\/v2\/product_cat?post=11567"},{"taxonomy":"product_tag","embeddable":true,"href":"https:\/\/www.gilavandelden.de\/buchshop\/wp-json\/wp\/v2\/product_tag?post=11567"}],"curies":[{"name":"wp","href":"https:\/\/api.w.org\/{rel}","templated":true}]}}