{"id":11568,"date":"2019-05-31T20:21:29","date_gmt":"2019-05-31T18:21:29","guid":{"rendered":"http:\/\/www.gilavandelden.de\/buchshop\/produkt\/import-placeholder-for-12140\/"},"modified":"2026-02-26T14:04:02","modified_gmt":"2026-02-26T13:04:02","slug":"waveex-handy-strahlenschutz","status":"publish","type":"product","link":"https:\/\/www.gilavandelden.de\/buchshop\/produkt\/waveex-handy-strahlenschutz\/","title":{"rendered":"WAVEEX-HANDY-STRAHLENSCHUTZ"},"content":{"rendered":"<h3 style=\"text-align: center;\"><span style=\"color: #800000;\">\u00a0<\/span><strong><span style=\"color: #800000;\">WAVEEX-HANDY-STRAHLENSCHUTZ-CHIP<\/span><\/strong><\/h3>\n<h3 style=\"text-align: center; color: #800000;\"><strong>Abmessungen des Chips: 1 cm x 1 cm x 1,5 cm<\/strong><\/h3>\n<hr \/>\n<h3 style=\"text-align: center;\"><strong><span style=\"color: #800000;\">\u00a0<span style=\"color: #800000;\">1 \u00a0<\/span><span style=\"color: #800000;\">WAVEEX-Handy-Strahlenschutz-Chip\u00a0kostet nur 24,90 \u20ac &#8211;<\/span><\/span><\/strong><\/h3>\n<h3 style=\"text-align: center;\"><strong>Familien- oder B\u00fcropackung:\u00a0 5 WAVEEX-Chips Sonderpreis nur 112,00 \u20ac<\/strong><br \/>\n<strong> <em>&#8211; zzgl. Versandkosten &#8211;<\/em><\/strong><\/h3>\n<hr \/>\n<h3 style=\"text-align: center;\"><span style=\"color: #800000;\"><img loading=\"lazy\" class=\"wp-image-887 alignleft\" src=\"http:\/\/test.gilavandelden.de\/wp-content\/uploads\/2016\/07\/Prospekt-211x300.jpg\" alt=\"Prospekt\" width=\"211\" height=\"300\" srcset=\"https:\/\/www.gilavandelden.de\/buchshop\/wp-content\/uploads\/2016\/07\/Prospekt-211x300.jpg 211w, https:\/\/www.gilavandelden.de\/buchshop\/wp-content\/uploads\/2016\/07\/Prospekt-216x307.jpg 216w, https:\/\/www.gilavandelden.de\/buchshop\/wp-content\/uploads\/2016\/07\/Prospekt-600x852.jpg 600w, https:\/\/www.gilavandelden.de\/buchshop\/wp-content\/uploads\/2016\/07\/Prospekt-768x1090.jpg 768w, https:\/\/www.gilavandelden.de\/buchshop\/wp-content\/uploads\/2016\/07\/Prospekt-721x1024.jpg 721w, https:\/\/www.gilavandelden.de\/buchshop\/wp-content\/uploads\/2016\/07\/Prospekt-676x960.jpg 676w, https:\/\/www.gilavandelden.de\/buchshop\/wp-content\/uploads\/2016\/07\/Prospekt.jpg 1732w\" sizes=\"(max-width: 211px) 100vw, 211px\" \/><img loading=\"lazy\" class=\"size-medium wp-image-889 alignright\" src=\"http:\/\/test.gilavandelden.de\/wp-content\/uploads\/2016\/07\/PZN-232x300.jpg\" alt=\"PZN\" width=\"232\" height=\"300\" srcset=\"https:\/\/www.gilavandelden.de\/buchshop\/wp-content\/uploads\/2016\/07\/PZN-232x300.jpg 232w, https:\/\/www.gilavandelden.de\/buchshop\/wp-content\/uploads\/2016\/07\/PZN-216x279.jpg 216w, https:\/\/www.gilavandelden.de\/buchshop\/wp-content\/uploads\/2016\/07\/PZN-600x776.jpg 600w, https:\/\/www.gilavandelden.de\/buchshop\/wp-content\/uploads\/2016\/07\/PZN.jpg 604w\" sizes=\"(max-width: 232px) 100vw, 232px\" \/><\/span><\/h3>\n<p style=\"text-align: center;\"><strong><span style=\"color: #800000;\">Wir verbringen t\u00e4glich mehrere Stunden am Handy,\u00a0<\/span><\/strong>\u00a0<strong> <span style=\"color: #800000;\">Smartphone oder Tablet. <\/span><\/strong><br \/>\n<strong> <span style=\"color: #800000;\">Wir teilen Informationen,\u00a0 arbeiten damit, tauschen uns mit Freunden aus<br \/>\noder haben einfach Spa\u00df an der Nutzung mobiler Ger\u00e4te.\u00a0<\/span><\/strong>\u00a0<strong><br \/>\n<span style=\"color: #800000;\">Doch alle diese mobilen Ger\u00e4te erzeugen Strahlen und belasten unsere internen biologischen Abl\u00e4ufe.<\/span><\/strong><\/p>\n<hr \/>\n<p style=\"text-align: center;\"><span style=\"color: #800000;\"><strong>Was ist E-Smog?<\/strong> <\/span><br \/>\n<strong><span style=\"color: #800000;\">Elektrosmog oder E-Smog ist ein umgangssprachlicher Ausdruck f\u00fcr die \u00fcberh\u00f6hte Konzentration elektromagnetischer Felder\u00a0 mit m\u00f6glicherweise gesundheitssch\u00e4dlichen Auswirkungen auf die belebte Natur (Menschen, Tiere, Pflanzen und einzelne Zellen). <\/span><\/strong><br \/>\n<strong> <span style=\"color: #800000;\">Mobile Ger\u00e4te &#8211; Handys, Smartphones, Notebooks, Tablets, etc. &#8211; erzeugen E-Smog und belasten unsere internen biologischen Abl\u00e4ufe.\u00a0 <\/span><span style=\"color: #800000;\">Der gesetzlich definierte Strahlengrenzwert (SAR) soll unseren K\u00f6rper vor dem Einfluss der Hochfrequenzstrahlung sch\u00fctzen. <\/span><\/strong><br \/>\n<strong> <span style=\"color: #800000;\">WAVEEX ist die weltweit einzige Technologie,\u00a0<\/span><\/strong>\u00a0<strong> <span style=\"color: #800000;\">die nun den Schutz auf die biologische Ebene\u00a0ausweitet.<br \/>\nDies geschieht durch die positive Ver\u00e4nderung der sich bildenden niederfrequenten elektromagnetischen Felder.<\/span><\/strong><\/p>\n<hr \/>\n<p style=\"text-align: center;\"><strong><span style=\"color: #800000;\"><span style=\"color: #800000;\">Welche negativen Auswirkungen auf den Organismus k\u00f6nnen mobile Ger\u00e4te haben? <\/span><br \/>\n<span style=\"color: #800000;\">Bekannt sind z.B. folgende negative Auswirkungen auf den menschlichen Organismus: <\/span><br \/>\n<span style=\"color: #800000;\">Kopfschmerz\/Migr\u00e4ne, Schlafst\u00f6rungen, Nervosit\u00e4t, Depressionen, trockene\/brennende Augen,<br \/>\nSchw\u00e4chung des Immunsystems, Hautirritationen, etc.<br \/>\n<\/span><\/span><span style=\"color: #800000;\">WAVEEX reduziert das Risiko.\u00a0<\/span><\/strong>\u00a0<strong> <span style=\"color: #800000;\">So f\u00fchlen Sie sich rundum gesch\u00fctzt und m\u00fcssen sich keine Gedanken mehr bei der Nutzung mobiler Ger\u00e4te machen.<\/span><\/strong><\/p>\n<hr \/>\n<p style=\"text-align: center;\"><strong><span style=\"color: #800000;\">WAVEEX wirkt durch <\/span><span style=\"color: #800000;\">Schutzwirkung f\u00fcr den menschlichen Organismus\u00a0 <\/span><span style=\"color: #800000;\">rund um die Uhr, <span style=\"color: #800000;\">unabh\u00e4ngig von der Art des Ger\u00e4ts (Mobiltelefon,\u00a0 Tablet, Schnurlos Telefon, WLAN-Router)\u00a0 <\/span><span style=\"color: #800000;\">und unabh\u00e4ngig vom Gebrauch<br \/>\n(z.B. Telefonieren, Surfen, Tragen am K\u00f6rper).<em><br \/>\n<\/em><\/span>Unser Organismus nutzt die Niederfrequenz (0-30 Hz),\u00a0<\/span><\/strong>\u00a0<strong> <span style=\"color: #800000;\">um intern zu kommunizieren.<br \/>\nDie durch das Mobiltelefon ausgesendeten Frequenzen in diesem Bereich st\u00f6ren diese Kommunikation<br \/>\n\u2013 und das permanent.\u00a0<\/span><\/strong>\u00a0<strong> <span style=\"color: #800000;\">Nachweislich findet die eigentliche Belastung<br \/>\nbeim Gebrauch von mobilen Ger\u00e4ten in diesem Bereich statt.<\/span><\/strong><\/p>\n<p style=\"text-align: center;\"><img loading=\"lazy\" class=\"alignnone size-medium wp-image-899\" src=\"http:\/\/test.gilavandelden.de\/wp-content\/uploads\/2016\/07\/descr_WAVEEX_Wirkung_web_neutralesSmartphone-300x183.png\" alt=\"descr_WAVEEX_Wirkung_web_neutralesSmartphone\" width=\"300\" height=\"183\" srcset=\"https:\/\/www.gilavandelden.de\/buchshop\/wp-content\/uploads\/2016\/07\/descr_WAVEEX_Wirkung_web_neutralesSmartphone-300x183.png 300w, https:\/\/www.gilavandelden.de\/buchshop\/wp-content\/uploads\/2016\/07\/descr_WAVEEX_Wirkung_web_neutralesSmartphone-216x132.png 216w, https:\/\/www.gilavandelden.de\/buchshop\/wp-content\/uploads\/2016\/07\/descr_WAVEEX_Wirkung_web_neutralesSmartphone-600x366.png 600w, https:\/\/www.gilavandelden.de\/buchshop\/wp-content\/uploads\/2016\/07\/descr_WAVEEX_Wirkung_web_neutralesSmartphone.png 630w\" sizes=\"(max-width: 300px) 100vw, 300px\" \/><\/p>\n<p style=\"text-align: center;\"><strong><span style=\"color: #800000;\">Durch die Gl\u00e4ttung der Magnetfeldspitzen wird die Nutzung der neuen mobilen Technologien f\u00fcr unseren K\u00f6rper dauerhaft vertr\u00e4glich.\u00a0<\/span><\/strong>\u00a0<strong> <span style=\"color: #800000;\">Das ist wissenschaftlich und medizinisch erwiesen.<\/span><\/strong><\/p>\n<hr \/>\n<p style=\"text-align: center;\"><strong><span style=\"color: #800000;\">Warum ist WAVEEX insbesondere f\u00fcr Kinder, Jugendliche und Schwangere zu empfehlen? <\/span><\/strong><br \/>\n<strong> <span style=\"color: #800000;\">Generell empfiehlt sich die Verwendung von WAVEEX f\u00fcr alle Personen &#8211; und das altersunabh\u00e4ngig.<br \/>\nAllerdings befindet sich bei Kindern und Jugendlichen das Gehirn im Wachstum und es ist davon auszugehen,<br \/>\ndass die mit den Mobilfunkstrahlen einhergehenden negativen Effekte langfristig<br \/>\nauch negative Auswirkungen auf das menschliche Gehirn haben. <\/span><\/strong><\/p>\n<hr \/>\n<p style=\"text-align: center;\"><strong><span style=\"color: #800000;\">Was unterscheidet WAVEEX von anderen zum Kauf\u00a0 erh\u00e4ltlichen Handy-\u201eGesundheits-Chips\u201c? <\/span><\/strong><br \/>\n<strong> <span style=\"color: #800000;\">Andere Schutzprodukte zielen prim\u00e4r auf die Reduktion des gesetzlich definierten SAR-Wertes ab. Dieser SAR-Wert sch\u00fctzt unseren K\u00f6rper allerdings nur vor dem Einfluss der Hochfrequenzstrahlung. <\/span><\/strong><br \/>\n<strong> <span style=\"color: #800000;\">Die WAVEEX-Technologie ist einzigartig, indem sie den Schutz auf die biologische Ebene ausweitet. Dies geschieht durch die positive Ver\u00e4nderung der sich bildenden niederfrequenten elektromagnetischen Felder. <\/span><\/strong><br \/>\n<strong> <span style=\"color: #800000;\">Es sind diese Niederfrequenzstrahlen, die dem K\u00f6rper<br \/>\ndurch die dauerhafte Nutzung mobiler Ger\u00e4te schaden k\u00f6nnen. <\/span><\/strong><br \/>\n<span style=\"color: #800000;\"><strong>Zus\u00e4tzlich sind s\u00e4mtliche Effekte von WAVEEX durch Gutachten eindeutig belegt und reproduzierbar.<\/strong><br \/>\n<\/span><\/p>\n<p style=\"text-align: center;\"><img loading=\"lazy\" class=\"alignnone size-medium wp-image-911\" src=\"http:\/\/test.gilavandelden.de\/wp-content\/uploads\/2016\/07\/ohne-mit-300x264.jpg\" alt=\"ohne-mit\" width=\"300\" height=\"264\" srcset=\"https:\/\/www.gilavandelden.de\/buchshop\/wp-content\/uploads\/2016\/07\/ohne-mit-300x264.jpg 300w, https:\/\/www.gilavandelden.de\/buchshop\/wp-content\/uploads\/2016\/07\/ohne-mit-216x190.jpg 216w, https:\/\/www.gilavandelden.de\/buchshop\/wp-content\/uploads\/2016\/07\/ohne-mit-600x528.jpg 600w, https:\/\/www.gilavandelden.de\/buchshop\/wp-content\/uploads\/2016\/07\/ohne-mit-768x676.jpg 768w, https:\/\/www.gilavandelden.de\/buchshop\/wp-content\/uploads\/2016\/07\/ohne-mit-1024x901.jpg 1024w, https:\/\/www.gilavandelden.de\/buchshop\/wp-content\/uploads\/2016\/07\/ohne-mit-676x595.jpg 676w, https:\/\/www.gilavandelden.de\/buchshop\/wp-content\/uploads\/2016\/07\/ohne-mit.jpg 1514w\" sizes=\"(max-width: 300px) 100vw, 300px\" \/><\/p>\n<hr \/>\n<p style=\"text-align: center;\"><strong><span style=\"color: #800000;\">Woraus besteht der Chip von WAVEEX? <\/span><\/strong><br \/>\n<strong> <span style=\"color: #800000;\">WAVEEX f\u00fcr mobile Endger\u00e4te setzt sich aus mehreren Schichten zusammen. Die beiden \u00e4u\u00dferen Schichten sind aus Kunststoff.\u00a0<\/span><\/strong>\u00a0<strong> <span style=\"color: #800000;\">Auf den Innenschichten befinden sich gedruckte Schaltkreise,\u00a0<\/span><\/strong>\u00a0<strong> <span style=\"color: #800000;\">die &#8211; wenn sie elektromagnetischen Wellen ausgesetzt werden \u2013\u00a0<\/span><\/strong> <span style=\"color: #800000;\"><strong>die entstehenden Magnetfeldgradienten im ULF-Frequenzbereich (0\u201330 HZ) gl\u00e4tten und somit f\u00fcr unseren K\u00f6rper vertr\u00e4glich machen.<\/strong><br \/>\n<\/span><\/p>\n<hr \/>\n<p style=\"text-align: center;\"><strong><span style=\"color: #800000;\">F\u00fcr welche Nutzungsm\u00f6glichkeiten steht die WAVEEX Technologie zur Verf\u00fcgung? <\/span><\/strong><br \/>\n<strong> <span style=\"color: #800000;\">WAVEEX wurde auf Mobiltelefone (inkl. Smartphones), Tablets, Schnurlos Telefonen und WLAN-Routern erfolgreich getestet.\u00a0<\/span><\/strong>\u00a0<strong> <span style=\"color: #800000;\">Wir gehen davon aus, dass bei allen weiteren Batterie bzw. Akku getriebenen oder unterst\u00fctzten mobilen Ger\u00e4ten gleiche positive Effekte nachgewiesen werden k\u00f6nnen. <\/span><\/strong><br \/>\n<strong> <span style=\"color: #800000;\">Dasselbe gilt f\u00fcr Ger\u00e4te, die \u00fcber einen externen Trafo mit Gleichstrom versorgt werden (wie WLAN-Router, Notebooks, Laptops, Babyphone Basisstation). <\/span><\/strong><br \/>\n<strong> <span style=\"color: #800000;\">WLAN-Ger\u00e4te, die einen direkten 230 Volt Anschluss haben sind davon nicht betroffen. <\/span><\/strong><\/p>\n<hr \/>\n<p style=\"text-align: center;\"><strong><span style=\"color: #800000;\">Hat WAVEEX eine CE-Zertifizierung? <\/span><\/strong><br \/>\n<strong> <span style=\"color: #800000;\">Ja. WAVEEX (f\u00fcr mobile Ger\u00e4te)\u00a0 ist nach 2011\/65\/EU (RoHS)\u00a0zertifiziert. <\/span><\/strong><\/p>\n<hr \/>\n<p style=\"text-align: center;\"><strong><span style=\"color: #800000;\">Hat WAVEEX ein Ablaufdatum? <\/span><\/strong><br \/>\n<strong> <span style=\"color: #800000;\">Nein, theoretisch h\u00e4lt WAVEEX f\u00fcr immer.\u00a0<\/span><\/strong>\u00a0<strong> <span style=\"color: #800000;\">Zur Zeit k\u00f6nnen wir mit Sicherheit best\u00e4tigen,\u00a0<\/span><\/strong>\u00a0<strong> <span style=\"color: #800000;\">dass 5 Jahre alte WAVEEX Chips f\u00fcr Mobiltelefone, Tablets und Schnurlos Telefone\u00a0 immer noch die volle Wirkung haben.<\/span><\/strong><\/p>\n<hr \/>\n<p style=\"text-align: center;\"><span style=\"color: #800000;\"><strong><img loading=\"lazy\" class=\"alignnone size-medium wp-image-901\" src=\"http:\/\/test.gilavandelden.de\/wp-content\/uploads\/2016\/07\/Waveex-Chip1-300x262.png\" alt=\"Waveex-Chip1\" width=\"300\" height=\"262\" srcset=\"https:\/\/www.gilavandelden.de\/buchshop\/wp-content\/uploads\/2016\/07\/Waveex-Chip1-300x262.png 300w, https:\/\/www.gilavandelden.de\/buchshop\/wp-content\/uploads\/2016\/07\/Waveex-Chip1-216x189.png 216w, https:\/\/www.gilavandelden.de\/buchshop\/wp-content\/uploads\/2016\/07\/Waveex-Chip1.png 599w\" sizes=\"(max-width: 300px) 100vw, 300px\" \/><\/strong><\/span><\/p>\n<p style=\"text-align: center;\"><strong><span style=\"color: #800000;\">Ist die Wirkung von WAVEEX wissenschaftlich best\u00e4tigt?\u00a0<\/span><\/strong>\u00a0<strong> <span style=\"color: #800000;\">Ja, mittlerweile ist die positive Wirkung von WAVEEX<br \/>\ndurch zahlreiche wissenschaftliche und medizinische Studienergebnisse best\u00e4tigt.\u00a0<\/span><\/strong>\u00a0<strong> <span style=\"color: #800000;\">Die neuesten Messungen wurden sogar von BUREAU VERITAS \u00fcberwacht und die Messergebnisse best\u00e4tigt und zertifiziert.<\/span><\/strong><\/p>\n<hr \/>\n<p style=\"text-align: center;\"><strong><span style=\"color: #800000;\">\u00a0Kann WAVEEX Krebs oder andere Krankheiten verhindern?\u00a0<\/span><\/strong>\u00a0<strong> <span style=\"color: #800000;\">Das k\u00f6nnen und d\u00fcrfen wir nicht best\u00e4tigen. <\/span><\/strong><br \/>\n<strong> <span style=\"color: #800000;\">Mobilfunk gibt es seit ca. 30 Jahren.\u00a0<\/span><\/strong>\u00a0<strong> <span style=\"color: #800000;\">Erst jetzt werden erste bewiesene Krebsf\u00e4lle bekannt. <\/span><\/strong><br \/>\n<strong> <span style=\"color: #800000;\">Probanden telefonieren erst seit 3 Jahren mit WAVEEX. <\/span><\/strong><br \/>\n<strong> <span style=\"color: #800000;\">Daher kann dazu keine Aussage gemacht werden.<\/span><\/strong><\/p>\n<hr \/>\n<h4 style=\"text-align: center;\"><strong><span style=\"color: #800000;\">VIELEN DANK F\u00dcR EUER INTERESSE!<\/span><\/strong><\/h4>\n","protected":false},"excerpt":{"rendered":"<p>\u00a0WAVEEX-HANDY-STRAHLENSCHUTZ-CHIP Abmessungen des Chips: 1 cm x 1 cm x 1,5 cm \u00a01 \u00a0WAVEEX-Handy-Strahlenschutz-Chip\u00a0kostet nur 24,90 \u20ac &#8211; Familien- oder B\u00fcropackung:\u00a0 5 WAVEEX-Chips Sonderpreis nur 112,00 \u20ac &#8211; zzgl. Versandkosten &#8211; Wir verbringen t\u00e4glich mehrere Stunden am Handy,\u00a0\u00a0 Smartphone oder Tablet. Wir teilen Informationen,\u00a0 arbeiten damit, tauschen uns mit Freunden aus oder haben einfach Spa\u00df [&hellip;]<\/p>\n","protected":false},"featured_media":11570,"template":"","meta":[],"product_cat":[62],"product_tag":[],"_links":{"self":[{"href":"https:\/\/www.gilavandelden.de\/buchshop\/wp-json\/wp\/v2\/product\/11568"}],"collection":[{"href":"https:\/\/www.gilavandelden.de\/buchshop\/wp-json\/wp\/v2\/product"}],"about":[{"href":"https:\/\/www.gilavandelden.de\/buchshop\/wp-json\/wp\/v2\/types\/product"}],"wp:featuredmedia":[{"embeddable":true,"href":"https:\/\/www.gilavandelden.de\/buchshop\/wp-json\/wp\/v2\/media\/11570"}],"wp:attachment":[{"href":"https:\/\/www.gilavandelden.de\/buchshop\/wp-json\/wp\/v2\/media?parent=11568"}],"wp:term":[{"taxonomy":"product_cat","embeddable":true,"href":"https:\/\/www.gilavandelden.de\/buchshop\/wp-json\/wp\/v2\/product_cat?post=11568"},{"taxonomy":"product_tag","embeddable":true,"href":"https:\/\/www.gilavandelden.de\/buchshop\/wp-json\/wp\/v2\/product_tag?post=11568"}],"curies":[{"name":"wp","href":"https:\/\/api.w.org\/{rel}","templated":true}]}}